{"id":4458,"date":"2022-12-29T06:06:10","date_gmt":"2022-12-29T06:06:10","guid":{"rendered":"https:\/\/foxiz.themeruby.com\/quantum\/?page_id=2820"},"modified":"2025-07-16T16:32:50","modified_gmt":"2025-07-16T19:32:50","slug":"home","status":"publish","type":"page","link":"https:\/\/balancotocantins.com.br\/","title":{"rendered":"Home"},"content":{"rendered":"\t\t<div data-elementor-type=\"wp-page\" data-elementor-id=\"4458\" class=\"elementor elementor-4458\" data-elementor-post-type=\"page\">\n\t\t\t\t\t\t<section class=\"elementor-section elementor-top-section elementor-element elementor-element-1e50829 elementor-section-boxed elementor-section-height-default elementor-section-height-default\" data-id=\"1e50829\" data-element_type=\"section\" data-e-type=\"section\">\n\t\t\t\t\t\t<div class=\"elementor-container elementor-column-gap-custom\">\n\t\t\t\t\t<div class=\"elementor-column elementor-col-50 elementor-top-column elementor-element elementor-element-ae22629\" data-id=\"ae22629\" data-element_type=\"column\" data-e-type=\"column\">\n\t\t\t<div class=\"elementor-widget-wrap elementor-element-populated\">\n\t\t\t\t\t\t<div class=\"elementor-element elementor-element-645df2a elementor-widget elementor-widget-foxiz-grid-flex-1\" data-id=\"645df2a\" data-element_type=\"widget\" data-e-type=\"widget\" data-widget_type=\"foxiz-grid-flex-1.default\">\n\t\t\t\t<div class=\"elementor-widget-container\">\n\t\t\t\t\t<div id=\"uid_645df2a\" class=\"block-wrap block-grid block-grid-flex-1 rb-columns rb-col-1 rb-tcol-1 rb-mcol-1 is-gap-20 hovering-scale ecat-bg-1 ecat-size-big meta-s-\"><div class=\"block-inner\">\t\t<div class=\"p-wrap p-grid p-grid-1\" data-pid=\"16686\">\r\n\t\t\t\t<div class=\"feat-holder overlay-text\">\r\n\t\t\t\t\t\t<div class=\"p-featured\">\r\n\t\t\t\t\t<a class=\"p-flink\" href=\"https:\/\/balancotocantins.com.br\/?p=16686\" title=\"Justi\u00e7a decreta nova pris\u00e3o de dono da Choquei e amplia cerco a investigados por esquema bilion\u00e1rio\">\r\n\t\t\t<img loading=\"lazy\" decoding=\"async\" width=\"420\" height=\"280\" src=\"https:\/\/balancotocantins.com.br\/wp-content\/uploads\/2026\/04\/1200-800-2026-04-23t175138-232-960x640-1-420x280.webp\" class=\"featured-img wp-post-image\" alt=\"Justi\u00e7a decreta nova pris\u00e3o de dono da Choquei e amplia cerco a investigados por esquema bilion\u00e1rio\" title=\"Justi\u00e7a decreta nova pris\u00e3o de dono da Choquei e amplia cerco a investigados por esquema bilion\u00e1rio\" loading=\"lazy\" \/>\t\t<\/a>\r\n\t\t\t\t<\/div>\r\n\t<div class=\"p-categories p-top\"><a class=\"p-category category-id-593\" href=\"https:\/\/balancotocantins.com.br\/?cat=593\" rel=\"category\">Pol\u00edcia<\/a><\/div>\t\t\t<\/div>\r\n\t\t<h2 class=\"entry-title\">\t\t<a class=\"p-url\" href=\"https:\/\/balancotocantins.com.br\/?p=16686\" rel=\"bookmark\">Justi\u00e7a decreta nova pris\u00e3o de dono da Choquei e amplia cerco a investigados por esquema bilion\u00e1rio<\/a><\/h2>\t\t\t<div class=\"p-meta\">\r\n\t\t\t\t<div class=\"meta-inner is-meta\">\r\n\t\t\t\t\t\t\t<a class=\"meta-el meta-avatar\" href=\"https:\/\/balancotocantins.com.br\/?author=1\"><img alt='Milkylenne Cardoso' src='https:\/\/secure.gravatar.com\/avatar\/ef448aee581299cb58e82fe2448eb1e6ada08c9f75cef4595f41771f4a7a573c?s=44&#038;d=mm&#038;r=g' srcset='https:\/\/secure.gravatar.com\/avatar\/ef448aee581299cb58e82fe2448eb1e6ada08c9f75cef4595f41771f4a7a573c?s=88&#038;d=mm&#038;r=g 2x' class='avatar avatar-44 photo' height='44' width='44' \/><\/a>\r\n\t\t<span class=\"meta-el meta-author\">\r\n\t\t\t\t\t<span class=\"meta-label\">Por<\/span>\r\n\t\t\t\t<a href=\"https:\/\/balancotocantins.com.br\/?author=1\">Milkylenne Cardoso<\/a>\r\n\t\t\t\t<\/span>\r\n\t\t<span class=\"meta-el meta-update\">\r\n\t\t\t\t<time class=\"updated\" datetime=\"2026-04-23T19:28:57-03:00\">23 de abril de 2026<\/time>\r\n\t\t<\/span>\r\n\t\t\t\t\t\t<\/div>\r\n\t\t\t\t\t\t\t<\/div>\r\n\t\t\t\t<\/div>\r\n\t<\/div><\/div>\t\t\t\t<\/div>\n\t\t\t\t<\/div>\n\t\t\t\t\t<\/div>\n\t\t<\/div>\n\t\t\t\t<div class=\"elementor-column elementor-col-50 elementor-top-column elementor-element elementor-element-fc59e50\" data-id=\"fc59e50\" data-element_type=\"column\" data-e-type=\"column\">\n\t\t\t<div class=\"elementor-widget-wrap elementor-element-populated\">\n\t\t\t\t\t\t<div class=\"elementor-element elementor-element-dbacae9 elementor-widget elementor-widget-foxiz-grid-flex-1\" data-id=\"dbacae9\" data-element_type=\"widget\" data-e-type=\"widget\" data-widget_type=\"foxiz-grid-flex-1.default\">\n\t\t\t\t<div class=\"elementor-widget-container\">\n\t\t\t\t\t<div id=\"uid_dbacae9\" class=\"block-wrap block-grid block-grid-flex-1 rb-columns rb-col-1 rb-tcol-1 rb-mcol-1 is-gap-20 hovering-scale ecat-bg-1 meta-s-\"><div class=\"block-inner\">\t\t<div class=\"p-wrap p-grid p-grid-1\" data-pid=\"16679\">\r\n\t\t\t\t<div class=\"feat-holder overlay-text\">\r\n\t\t\t\t\t\t<div class=\"p-featured\">\r\n\t\t\t\t\t<a class=\"p-flink\" href=\"https:\/\/balancotocantins.com.br\/?p=16679\" title=\"Mutir\u00e3o oftalmol\u00f3gico em Gurupi amplia atendimentos e prev\u00ea mais de 400 cirurgias em nova etapa\">\r\n\t\t\t<img loading=\"lazy\" decoding=\"async\" width=\"420\" height=\"280\" src=\"https:\/\/balancotocantins.com.br\/wp-content\/uploads\/2026\/03\/WhatsApp-Image-2026-03-30-at-09.02.47-420x280.jpeg\" class=\"featured-img wp-post-image\" alt=\"Mutir\u00e3o oftalmol\u00f3gico em Gurupi amplia atendimentos e prev\u00ea mais de 400 cirurgias em nova etapa\" title=\"Mutir\u00e3o oftalmol\u00f3gico em Gurupi amplia atendimentos e prev\u00ea mais de 400 cirurgias em nova etapa\" loading=\"lazy\" \/>\t\t<\/a>\r\n\t\t\t\t<\/div>\r\n\t<div class=\"p-categories p-top\"><a class=\"p-category category-id-346\" href=\"https:\/\/balancotocantins.com.br\/?cat=346\" rel=\"category\">Sa\u00fade<\/a><\/div>\t\t\t<\/div>\r\n\t\t<h4 class=\"entry-title\">\t\t<a class=\"p-url\" href=\"https:\/\/balancotocantins.com.br\/?p=16679\" rel=\"bookmark\">Mutir\u00e3o oftalmol\u00f3gico em Gurupi amplia atendimentos e prev\u00ea mais de 400 cirurgias em nova etapa<\/a><\/h4>\t\t\t<div class=\"p-meta\">\r\n\t\t\t\t<div class=\"meta-inner is-meta\">\r\n\t\t\t\t\t\t\t<a class=\"meta-el meta-avatar\" href=\"https:\/\/balancotocantins.com.br\/?author=1\"><img alt='Milkylenne Cardoso' src='https:\/\/secure.gravatar.com\/avatar\/ef448aee581299cb58e82fe2448eb1e6ada08c9f75cef4595f41771f4a7a573c?s=44&#038;d=mm&#038;r=g' srcset='https:\/\/secure.gravatar.com\/avatar\/ef448aee581299cb58e82fe2448eb1e6ada08c9f75cef4595f41771f4a7a573c?s=88&#038;d=mm&#038;r=g 2x' class='avatar avatar-44 photo' height='44' width='44' \/><\/a>\r\n\t\t<span class=\"meta-el meta-author\">\r\n\t\t\t\t\t<span class=\"meta-label\">Por<\/span>\r\n\t\t\t\t<a href=\"https:\/\/balancotocantins.com.br\/?author=1\">Milkylenne Cardoso<\/a>\r\n\t\t\t\t<\/span>\r\n\t\t<span class=\"meta-el meta-update\">\r\n\t\t\t\t<time class=\"updated\" datetime=\"2026-03-30T16:41:48-03:00\">30 de mar\u00e7o de 2026<\/time>\r\n\t\t<\/span>\r\n\t\t\t\t\t\t<\/div>\r\n\t\t\t\t\t\t\t<\/div>\r\n\t\t\t\t<\/div>\r\n\t\t\t<div class=\"p-wrap p-grid p-grid-1\" data-pid=\"16676\">\r\n\t\t\t\t<div class=\"feat-holder overlay-text\">\r\n\t\t\t\t\t\t<div class=\"p-featured\">\r\n\t\t\t\t\t<a class=\"p-flink\" href=\"https:\/\/balancotocantins.com.br\/?p=16676\" title=\"Vida+ Gurupi completa 33 anos e se consolida como refer\u00eancia regional na sa\u00fade dos servidores\">\r\n\t\t\t<img loading=\"lazy\" decoding=\"async\" width=\"420\" height=\"280\" src=\"https:\/\/balancotocantins.com.br\/wp-content\/uploads\/2026\/03\/vidaGurupi-420x280.jpeg\" class=\"featured-img wp-post-image\" alt=\"Vida+ Gurupi completa 33 anos e se consolida como refer\u00eancia regional na sa\u00fade dos servidores\" title=\"Vida+ Gurupi completa 33 anos e se consolida como refer\u00eancia regional na sa\u00fade dos servidores\" loading=\"lazy\" \/>\t\t<\/a>\r\n\t\t\t\t<\/div>\r\n\t<div class=\"p-categories p-top\"><a class=\"p-category category-id-346\" href=\"https:\/\/balancotocantins.com.br\/?cat=346\" rel=\"category\">Sa\u00fade<\/a><\/div>\t\t\t<\/div>\r\n\t\t<h4 class=\"entry-title\">\t\t<a class=\"p-url\" href=\"https:\/\/balancotocantins.com.br\/?p=16676\" rel=\"bookmark\">Vida+ Gurupi completa 33 anos e se consolida como refer\u00eancia regional na sa\u00fade dos servidores<\/a><\/h4>\t\t\t<div class=\"p-meta\">\r\n\t\t\t\t<div class=\"meta-inner is-meta\">\r\n\t\t\t\t\t\t\t<a class=\"meta-el meta-avatar\" href=\"https:\/\/balancotocantins.com.br\/?author=1\"><img alt='Milkylenne Cardoso' src='https:\/\/secure.gravatar.com\/avatar\/ef448aee581299cb58e82fe2448eb1e6ada08c9f75cef4595f41771f4a7a573c?s=44&#038;d=mm&#038;r=g' srcset='https:\/\/secure.gravatar.com\/avatar\/ef448aee581299cb58e82fe2448eb1e6ada08c9f75cef4595f41771f4a7a573c?s=88&#038;d=mm&#038;r=g 2x' class='avatar avatar-44 photo' height='44' width='44' \/><\/a>\r\n\t\t<span class=\"meta-el meta-author\">\r\n\t\t\t\t\t<span class=\"meta-label\">Por<\/span>\r\n\t\t\t\t<a href=\"https:\/\/balancotocantins.com.br\/?author=1\">Milkylenne Cardoso<\/a>\r\n\t\t\t\t<\/span>\r\n\t\t<span class=\"meta-el meta-update\">\r\n\t\t\t\t<time class=\"updated\" datetime=\"2026-03-25T17:20:38-03:00\">25 de mar\u00e7o de 2026<\/time>\r\n\t\t<\/span>\r\n\t\t\t\t\t\t<\/div>\r\n\t\t\t\t\t\t\t<\/div>\r\n\t\t\t\t<\/div>\r\n\t<\/div><\/div>\t\t\t\t<\/div>\n\t\t\t\t<\/div>\n\t\t\t\t\t<\/div>\n\t\t<\/div>\n\t\t\t\t\t<\/div>\n\t\t<\/section>\n\t\t\t\t<section class=\"elementor-section elementor-top-section elementor-element elementor-element-847cc85 elementor-section-boxed elementor-section-height-default elementor-section-height-default\" data-id=\"847cc85\" data-element_type=\"section\" data-e-type=\"section\">\n\t\t\t\t\t\t<div class=\"elementor-container elementor-column-gap-custom\">\n\t\t\t\t\t<div class=\"elementor-column elementor-col-100 elementor-top-column elementor-element elementor-element-8e6376a\" data-id=\"8e6376a\" data-element_type=\"column\" data-e-type=\"column\">\n\t\t\t<div class=\"elementor-widget-wrap elementor-element-populated\">\n\t\t\t\t\t\t<div class=\"elementor-element elementor-element-e6b502b elementor-widget elementor-widget-foxiz-heading\" data-id=\"e6b502b\" data-element_type=\"widget\" data-e-type=\"widget\" data-widget_type=\"foxiz-heading.default\">\n\t\t\t\t<div class=\"elementor-widget-container\">\n\t\t\t\t\t<div id=\"uid_e6b502b\" class=\"block-h heading-layout-5\"><div class=\"heading-inner\"><h2 class=\"heading-title\"><span>EDUCA\u00c7\u00c3O<\/span><\/h2><\/div><\/div>\t\t\t\t<\/div>\n\t\t\t\t<\/div>\n\t\t\t\t<div class=\"elementor-element elementor-element-b047882 elementor-widget elementor-widget-foxiz-overlay-2\" data-id=\"b047882\" data-element_type=\"widget\" data-e-type=\"widget\" data-widget_type=\"foxiz-overlay-2.default\">\n\t\t\t\t<div class=\"elementor-widget-container\">\n\t\t\t\t\t<div id=\"uid_b047882\" class=\"block-wrap block-overlay block-overlay-2 light-overlay-scheme p-gradient rb-columns rb-col-3 is-gap-7 ecat-bg-1 meta-s-\"><div class=\"block-inner\">\t\t<div class=\"p-wrap p-overlay p-overlay-2\" data-pid=\"16673\">\r\n\t        <div class=\"overlay-holder\">\r\n\t\t\t\t\t<div class=\"p-featured\">\r\n\t\t\t\t\t<a class=\"p-flink\" href=\"https:\/\/balancotocantins.com.br\/?p=16673\" title=\"De bronze ao topo: Gurupi conquista Selo Ouro do MEC e se destaca na alfabetiza\u00e7\u00e3o infantil\">\r\n\t\t\t<img loading=\"lazy\" decoding=\"async\" width=\"330\" height=\"220\" src=\"https:\/\/balancotocantins.com.br\/wp-content\/uploads\/2026\/03\/IMG-20260323-WA00921-330x220.jpg\" class=\"featured-img wp-post-image\" alt=\"De bronze ao topo: Gurupi conquista Selo Ouro do MEC e se destaca na alfabetiza\u00e7\u00e3o infantil\" title=\"De bronze ao topo: Gurupi conquista Selo Ouro do MEC e se destaca na alfabetiza\u00e7\u00e3o infantil\" loading=\"lazy\" \/>\t\t<\/a>\r\n\t\t\t\t<\/div>\r\n\t            <div class=\"overlay-wrap\">\r\n                <div class=\"p-content overlay-inner overlay-text\">\r\n\t\t\t\t\t<div class=\"p-categories p-top\"><a class=\"p-category category-id-4737\" href=\"https:\/\/balancotocantins.com.br\/?cat=4737\" rel=\"category\">Educa\u00e7\u00e3o<\/a><\/div><h3 class=\"entry-title\">\t\t<a class=\"p-url\" href=\"https:\/\/balancotocantins.com.br\/?p=16673\" rel=\"bookmark\">De bronze ao topo: Gurupi conquista Selo Ouro do MEC e se destaca na alfabetiza\u00e7\u00e3o infantil<\/a><\/h3>\t\t\t<div class=\"p-meta\">\r\n\t\t\t\t<div class=\"meta-inner is-meta\">\r\n\t\t\t\t\t\t\t<a class=\"meta-el meta-avatar\" href=\"https:\/\/balancotocantins.com.br\/?author=1\"><img alt='Milkylenne Cardoso' src='https:\/\/secure.gravatar.com\/avatar\/ef448aee581299cb58e82fe2448eb1e6ada08c9f75cef4595f41771f4a7a573c?s=44&#038;d=mm&#038;r=g' srcset='https:\/\/secure.gravatar.com\/avatar\/ef448aee581299cb58e82fe2448eb1e6ada08c9f75cef4595f41771f4a7a573c?s=88&#038;d=mm&#038;r=g 2x' class='avatar avatar-44 photo' height='44' width='44' \/><\/a>\r\n\t\t<span class=\"meta-el meta-author\">\r\n\t\t\t\t\t<span class=\"meta-label\">Por<\/span>\r\n\t\t\t\t<a href=\"https:\/\/balancotocantins.com.br\/?author=1\">Milkylenne Cardoso<\/a>\r\n\t\t\t\t<\/span>\r\n\t\t<span class=\"meta-el meta-update\">\r\n\t\t\t\t<time class=\"updated\" datetime=\"2026-03-24T16:37:59-03:00\">24 de mar\u00e7o de 2026<\/time>\r\n\t\t<\/span>\r\n\t\t\t\t\t\t<\/div>\r\n\t\t\t\t\t\t\t<\/div>\r\n\t\t                <\/div>\r\n            <\/div>\r\n        <\/div>\r\n\t\t\t\t<\/div>\r\n\t\t\t<div class=\"p-wrap p-overlay p-overlay-2\" data-pid=\"16630\">\r\n\t        <div class=\"overlay-holder\">\r\n\t\t\t\t\t<div class=\"p-featured\">\r\n\t\t\t\t\t<a class=\"p-flink\" href=\"https:\/\/balancotocantins.com.br\/?p=16630\" title=\"Ap\u00f3s v\u00eddeo controverso sobre autismo, diretora de escola municipal em Gurupi pede afastamento e Prefeitura abre sindic\u00e2ncia\">\r\n\t\t\t<img loading=\"lazy\" decoding=\"async\" width=\"330\" height=\"220\" src=\"https:\/\/balancotocantins.com.br\/wp-content\/uploads\/2026\/03\/whatsapp-image-2026-03-04-at-15-36-16-330x220.webp\" class=\"featured-img wp-post-image\" alt=\"Ap\u00f3s v\u00eddeo controverso sobre autismo, diretora de escola municipal em Gurupi pede afastamento e Prefeitura abre sindic\u00e2ncia\" title=\"Ap\u00f3s v\u00eddeo controverso sobre autismo, diretora de escola municipal em Gurupi pede afastamento e Prefeitura abre sindic\u00e2ncia\" loading=\"lazy\" \/>\t\t<\/a>\r\n\t\t\t\t<\/div>\r\n\t            <div class=\"overlay-wrap\">\r\n                <div class=\"p-content overlay-inner overlay-text\">\r\n\t\t\t\t\t<div class=\"p-categories p-top\"><a class=\"p-category category-id-4737\" href=\"https:\/\/balancotocantins.com.br\/?cat=4737\" rel=\"category\">Educa\u00e7\u00e3o<\/a><\/div><h3 class=\"entry-title\">\t\t<a class=\"p-url\" href=\"https:\/\/balancotocantins.com.br\/?p=16630\" rel=\"bookmark\">Ap\u00f3s v\u00eddeo controverso sobre autismo, diretora de escola municipal em Gurupi pede afastamento e Prefeitura abre sindic\u00e2ncia<\/a><\/h3>\t\t\t<div class=\"p-meta\">\r\n\t\t\t\t<div class=\"meta-inner is-meta\">\r\n\t\t\t\t\t\t\t<a class=\"meta-el meta-avatar\" href=\"https:\/\/balancotocantins.com.br\/?author=1\"><img alt='Milkylenne Cardoso' src='https:\/\/secure.gravatar.com\/avatar\/ef448aee581299cb58e82fe2448eb1e6ada08c9f75cef4595f41771f4a7a573c?s=44&#038;d=mm&#038;r=g' srcset='https:\/\/secure.gravatar.com\/avatar\/ef448aee581299cb58e82fe2448eb1e6ada08c9f75cef4595f41771f4a7a573c?s=88&#038;d=mm&#038;r=g 2x' class='avatar avatar-44 photo' height='44' width='44' \/><\/a>\r\n\t\t<span class=\"meta-el meta-author\">\r\n\t\t\t\t\t<span class=\"meta-label\">Por<\/span>\r\n\t\t\t\t<a href=\"https:\/\/balancotocantins.com.br\/?author=1\">Milkylenne Cardoso<\/a>\r\n\t\t\t\t<\/span>\r\n\t\t<span class=\"meta-el meta-update\">\r\n\t\t\t\t<time class=\"updated\" datetime=\"2026-03-04T16:24:25-03:00\">4 de mar\u00e7o de 2026<\/time>\r\n\t\t<\/span>\r\n\t\t\t\t\t\t<\/div>\r\n\t\t\t\t\t\t\t<\/div>\r\n\t\t                <\/div>\r\n            <\/div>\r\n        <\/div>\r\n\t\t\t\t<\/div>\r\n\t\t\t<div class=\"p-wrap p-overlay p-overlay-2\" data-pid=\"16620\">\r\n\t        <div class=\"overlay-holder\">\r\n\t\t\t\t\t<div class=\"p-featured\">\r\n\t\t\t\t\t<a class=\"p-flink\" href=\"https:\/\/balancotocantins.com.br\/?p=16620\" title=\"Educadores de Gurupi conquistam reconhecimento nacional por projetos voltados \u00e0 inclus\u00e3o e sustentabilidade\">\r\n\t\t\t<img loading=\"lazy\" decoding=\"async\" width=\"330\" height=\"220\" src=\"https:\/\/balancotocantins.com.br\/wp-content\/uploads\/2026\/02\/IMG-20260219-WA0060-330x220.jpg\" class=\"featured-img wp-post-image\" alt=\"Educadores de Gurupi conquistam reconhecimento nacional por projetos voltados \u00e0 inclus\u00e3o e sustentabilidade\" title=\"Educadores de Gurupi conquistam reconhecimento nacional por projetos voltados \u00e0 inclus\u00e3o e sustentabilidade\" loading=\"lazy\" \/>\t\t<\/a>\r\n\t\t\t\t<\/div>\r\n\t            <div class=\"overlay-wrap\">\r\n                <div class=\"p-content overlay-inner overlay-text\">\r\n\t\t\t\t\t<div class=\"p-categories p-top\"><a class=\"p-category category-id-4737\" href=\"https:\/\/balancotocantins.com.br\/?cat=4737\" rel=\"category\">Educa\u00e7\u00e3o<\/a><\/div><h3 class=\"entry-title\">\t\t<a class=\"p-url\" href=\"https:\/\/balancotocantins.com.br\/?p=16620\" rel=\"bookmark\">Educadores de Gurupi conquistam reconhecimento nacional por projetos voltados \u00e0 inclus\u00e3o e sustentabilidade<\/a><\/h3>\t\t\t<div class=\"p-meta\">\r\n\t\t\t\t<div class=\"meta-inner is-meta\">\r\n\t\t\t\t\t\t\t<a class=\"meta-el meta-avatar\" href=\"https:\/\/balancotocantins.com.br\/?author=1\"><img alt='Milkylenne Cardoso' src='https:\/\/secure.gravatar.com\/avatar\/ef448aee581299cb58e82fe2448eb1e6ada08c9f75cef4595f41771f4a7a573c?s=44&#038;d=mm&#038;r=g' srcset='https:\/\/secure.gravatar.com\/avatar\/ef448aee581299cb58e82fe2448eb1e6ada08c9f75cef4595f41771f4a7a573c?s=88&#038;d=mm&#038;r=g 2x' class='avatar avatar-44 photo' height='44' width='44' \/><\/a>\r\n\t\t<span class=\"meta-el meta-author\">\r\n\t\t\t\t\t<span class=\"meta-label\">Por<\/span>\r\n\t\t\t\t<a href=\"https:\/\/balancotocantins.com.br\/?author=1\">Milkylenne Cardoso<\/a>\r\n\t\t\t\t<\/span>\r\n\t\t<span class=\"meta-el meta-update\">\r\n\t\t\t\t<time class=\"updated\" datetime=\"2026-02-19T16:18:40-03:00\">19 de fevereiro de 2026<\/time>\r\n\t\t<\/span>\r\n\t\t\t\t\t\t<\/div>\r\n\t\t\t\t\t\t\t<\/div>\r\n\t\t                <\/div>\r\n            <\/div>\r\n        <\/div>\r\n\t\t\t\t<\/div>\r\n\t<\/div><\/div>\t\t\t\t<\/div>\n\t\t\t\t<\/div>\n\t\t\t\t\t<\/div>\n\t\t<\/div>\n\t\t\t\t\t<\/div>\n\t\t<\/section>\n\t\t\t\t<section class=\"elementor-section elementor-top-section elementor-element elementor-element-25465fc elementor-section-boxed elementor-section-height-default elementor-section-height-default\" data-id=\"25465fc\" data-element_type=\"section\" data-e-type=\"section\">\n\t\t\t\t\t\t<div class=\"elementor-container elementor-column-gap-custom\">\n\t\t\t\t\t<div class=\"elementor-column elementor-col-100 elementor-top-column elementor-element elementor-element-92807aa\" data-id=\"92807aa\" data-element_type=\"column\" data-e-type=\"column\">\n\t\t\t<div class=\"elementor-widget-wrap elementor-element-populated\">\n\t\t\t\t\t\t<div class=\"elementor-element elementor-element-1836629 elementor-widget elementor-widget-foxiz-heading\" data-id=\"1836629\" data-element_type=\"widget\" data-e-type=\"widget\" data-widget_type=\"foxiz-heading.default\">\n\t\t\t\t<div class=\"elementor-widget-container\">\n\t\t\t\t\t<div id=\"uid_1836629\" class=\"block-h heading-layout-5\"><div class=\"heading-inner\"><h2 class=\"heading-title\"><span>SA\u00daDE<\/span><\/h2><\/div><\/div>\t\t\t\t<\/div>\n\t\t\t\t<\/div>\n\t\t\t\t<div class=\"elementor-element elementor-element-8afe082 elementor-widget elementor-widget-foxiz-grid-small-1\" data-id=\"8afe082\" data-element_type=\"widget\" data-e-type=\"widget\" data-widget_type=\"foxiz-grid-small-1.default\">\n\t\t\t\t<div class=\"elementor-widget-container\">\n\t\t\t\t\t<div id=\"uid_8afe082\" class=\"block-wrap block-small block-grid block-grid-small-1 rb-columns rb-col-4 is-gap-10 ecat-text meta-s-\"><div class=\"block-inner\">\t\t<div class=\"p-wrap p-grid p-grid-small-1\" data-pid=\"16683\">\r\n\t\t\t\t<div class=\"feat-holder overlay-text\">\r\n\t\t\t\t\t\t<div class=\"p-featured\">\r\n\t\t\t\t\t<a class=\"p-flink\" href=\"https:\/\/balancotocantins.com.br\/?p=16683\" title=\"Gurupi lan\u00e7a projeto pioneiro no pa\u00eds para impulsionar agroind\u00fastria familiar com rede de laborat\u00f3rios\">\r\n\t\t\t<img loading=\"lazy\" decoding=\"async\" width=\"330\" height=\"220\" src=\"https:\/\/balancotocantins.com.br\/wp-content\/uploads\/2026\/03\/instituicoes-de-ensino-superior-de-Gurupi-scaled-330x220.jpg\" class=\"featured-img wp-post-image\" alt=\"Gurupi lan\u00e7a projeto pioneiro no pa\u00eds para impulsionar agroind\u00fastria familiar com rede de laborat\u00f3rios\" title=\"Gurupi lan\u00e7a projeto pioneiro no pa\u00eds para impulsionar agroind\u00fastria familiar com rede de laborat\u00f3rios\" loading=\"lazy\" \/>\t\t<\/a>\r\n\t\t\t\t<\/div>\r\n\t<div class=\"p-categories p-top mobile-hide\"><a class=\"p-category category-id-346\" href=\"https:\/\/balancotocantins.com.br\/?cat=346\" rel=\"category\">Sa\u00fade<\/a><\/div>\t\t\t<\/div>\r\n\t\t\t\t<div class=\"p-content\">\r\n\t\t\t<h4 class=\"entry-title\">\t\t<a class=\"p-url\" href=\"https:\/\/balancotocantins.com.br\/?p=16683\" rel=\"bookmark\">Gurupi lan\u00e7a projeto pioneiro no pa\u00eds para impulsionar agroind\u00fastria familiar com rede de laborat\u00f3rios<\/a><\/h4>\t\t\t<div class=\"p-meta\">\r\n\t\t\t\t<div class=\"meta-inner is-meta\">\r\n\t\t\t\t\t<span class=\"meta-el meta-update\">\r\n\t\t\t\t<time class=\"updated\" datetime=\"2026-03-30T17:02:43-03:00\">30 de mar\u00e7o de 2026<\/time>\r\n\t\t<\/span>\r\n\t\t\t\t\t\t<\/div>\r\n\t\t\t\t\t\t\t<\/div>\r\n\t\t\t\t<\/div>\r\n\t\t\t\t<\/div>\r\n\t\t\t<div class=\"p-wrap p-grid p-grid-small-1\" data-pid=\"16679\">\r\n\t\t\t\t<div class=\"feat-holder overlay-text\">\r\n\t\t\t\t\t\t<div class=\"p-featured\">\r\n\t\t\t\t\t<a class=\"p-flink\" href=\"https:\/\/balancotocantins.com.br\/?p=16679\" title=\"Mutir\u00e3o oftalmol\u00f3gico em Gurupi amplia atendimentos e prev\u00ea mais de 400 cirurgias em nova etapa\">\r\n\t\t\t<img loading=\"lazy\" decoding=\"async\" width=\"330\" height=\"220\" src=\"https:\/\/balancotocantins.com.br\/wp-content\/uploads\/2026\/03\/WhatsApp-Image-2026-03-30-at-09.02.47-330x220.jpeg\" class=\"featured-img wp-post-image\" alt=\"Mutir\u00e3o oftalmol\u00f3gico em Gurupi amplia atendimentos e prev\u00ea mais de 400 cirurgias em nova etapa\" title=\"Mutir\u00e3o oftalmol\u00f3gico em Gurupi amplia atendimentos e prev\u00ea mais de 400 cirurgias em nova etapa\" loading=\"lazy\" \/>\t\t<\/a>\r\n\t\t\t\t<\/div>\r\n\t<div class=\"p-categories p-top mobile-hide\"><a class=\"p-category category-id-346\" href=\"https:\/\/balancotocantins.com.br\/?cat=346\" rel=\"category\">Sa\u00fade<\/a><\/div>\t\t\t<\/div>\r\n\t\t\t\t<div class=\"p-content\">\r\n\t\t\t<h4 class=\"entry-title\">\t\t<a class=\"p-url\" href=\"https:\/\/balancotocantins.com.br\/?p=16679\" rel=\"bookmark\">Mutir\u00e3o oftalmol\u00f3gico em Gurupi amplia atendimentos e prev\u00ea mais de 400 cirurgias em nova etapa<\/a><\/h4>\t\t\t<div class=\"p-meta\">\r\n\t\t\t\t<div class=\"meta-inner is-meta\">\r\n\t\t\t\t\t<span class=\"meta-el meta-update\">\r\n\t\t\t\t<time class=\"updated\" datetime=\"2026-03-30T16:41:48-03:00\">30 de mar\u00e7o de 2026<\/time>\r\n\t\t<\/span>\r\n\t\t\t\t\t\t<\/div>\r\n\t\t\t\t\t\t\t<\/div>\r\n\t\t\t\t<\/div>\r\n\t\t\t\t<\/div>\r\n\t\t\t<div class=\"p-wrap p-grid p-grid-small-1\" data-pid=\"16676\">\r\n\t\t\t\t<div class=\"feat-holder overlay-text\">\r\n\t\t\t\t\t\t<div class=\"p-featured\">\r\n\t\t\t\t\t<a class=\"p-flink\" href=\"https:\/\/balancotocantins.com.br\/?p=16676\" title=\"Vida+ Gurupi completa 33 anos e se consolida como refer\u00eancia regional na sa\u00fade dos servidores\">\r\n\t\t\t<img loading=\"lazy\" decoding=\"async\" width=\"330\" height=\"220\" src=\"https:\/\/balancotocantins.com.br\/wp-content\/uploads\/2026\/03\/vidaGurupi-330x220.jpeg\" class=\"featured-img wp-post-image\" alt=\"Vida+ Gurupi completa 33 anos e se consolida como refer\u00eancia regional na sa\u00fade dos servidores\" title=\"Vida+ Gurupi completa 33 anos e se consolida como refer\u00eancia regional na sa\u00fade dos servidores\" loading=\"lazy\" \/>\t\t<\/a>\r\n\t\t\t\t<\/div>\r\n\t<div class=\"p-categories p-top mobile-hide\"><a class=\"p-category category-id-346\" href=\"https:\/\/balancotocantins.com.br\/?cat=346\" rel=\"category\">Sa\u00fade<\/a><\/div>\t\t\t<\/div>\r\n\t\t\t\t<div class=\"p-content\">\r\n\t\t\t<h4 class=\"entry-title\">\t\t<a class=\"p-url\" href=\"https:\/\/balancotocantins.com.br\/?p=16676\" rel=\"bookmark\">Vida+ Gurupi completa 33 anos e se consolida como refer\u00eancia regional na sa\u00fade dos servidores<\/a><\/h4>\t\t\t<div class=\"p-meta\">\r\n\t\t\t\t<div class=\"meta-inner is-meta\">\r\n\t\t\t\t\t<span class=\"meta-el meta-update\">\r\n\t\t\t\t<time class=\"updated\" datetime=\"2026-03-25T17:20:38-03:00\">25 de mar\u00e7o de 2026<\/time>\r\n\t\t<\/span>\r\n\t\t\t\t\t\t<\/div>\r\n\t\t\t\t\t\t\t<\/div>\r\n\t\t\t\t<\/div>\r\n\t\t\t\t<\/div>\r\n\t\t\t<div class=\"p-wrap p-grid p-grid-small-1\" data-pid=\"16663\">\r\n\t\t\t\t<div class=\"feat-holder overlay-text\">\r\n\t\t\t\t\t\t<div class=\"p-featured\">\r\n\t\t\t\t\t<a class=\"p-flink\" href=\"https:\/\/balancotocantins.com.br\/?p=16663\" title=\"Mutir\u00e3o odontol\u00f3gico em escola de Gurupi atende 250 crian\u00e7as e ultrapassa 650 procedimentos\">\r\n\t\t\t<img loading=\"lazy\" decoding=\"async\" width=\"330\" height=\"220\" src=\"https:\/\/balancotocantins.com.br\/wp-content\/uploads\/2026\/03\/WhatsApp-Image-2026-03-20-at-09.54.05-1-330x220.jpeg\" class=\"featured-img wp-post-image\" alt=\"Mutir\u00e3o odontol\u00f3gico em escola de Gurupi atende 250 crian\u00e7as e ultrapassa 650 procedimentos\" title=\"Mutir\u00e3o odontol\u00f3gico em escola de Gurupi atende 250 crian\u00e7as e ultrapassa 650 procedimentos\" loading=\"lazy\" \/>\t\t<\/a>\r\n\t\t\t\t<\/div>\r\n\t<div class=\"p-categories p-top mobile-hide\"><a class=\"p-category category-id-346\" href=\"https:\/\/balancotocantins.com.br\/?cat=346\" rel=\"category\">Sa\u00fade<\/a><\/div>\t\t\t<\/div>\r\n\t\t\t\t<div class=\"p-content\">\r\n\t\t\t<h4 class=\"entry-title\">\t\t<a class=\"p-url\" href=\"https:\/\/balancotocantins.com.br\/?p=16663\" rel=\"bookmark\">Mutir\u00e3o odontol\u00f3gico em escola de Gurupi atende 250 crian\u00e7as e ultrapassa 650 procedimentos<\/a><\/h4>\t\t\t<div class=\"p-meta\">\r\n\t\t\t\t<div class=\"meta-inner is-meta\">\r\n\t\t\t\t\t<span class=\"meta-el meta-update\">\r\n\t\t\t\t<time class=\"updated\" datetime=\"2026-03-20T18:34:41-03:00\">20 de mar\u00e7o de 2026<\/time>\r\n\t\t<\/span>\r\n\t\t\t\t\t\t<\/div>\r\n\t\t\t\t\t\t\t<\/div>\r\n\t\t\t\t<\/div>\r\n\t\t\t\t<\/div>\r\n\t<\/div><\/div>\t\t\t\t<\/div>\n\t\t\t\t<\/div>\n\t\t\t\t<div class=\"elementor-element elementor-element-9ad940c elementor-widget__width-auto elementor-absolute elementor-view-default elementor-widget elementor-widget-icon\" data-id=\"9ad940c\" data-element_type=\"widget\" data-e-type=\"widget\" data-settings=\"{&quot;_position&quot;:&quot;absolute&quot;}\" data-widget_type=\"icon.default\">\n\t\t\t\t<div class=\"elementor-widget-container\">\n\t\t\t\t\t\t\t<div class=\"elementor-icon-wrapper\">\n\t\t\t<div class=\"elementor-icon\">\n\t\t\t\t\t\t<\/div>\n\t\t<\/div>\n\t\t\t\t\t\t<\/div>\n\t\t\t\t<\/div>\n\t\t\t\t\t<\/div>\n\t\t<\/div>\n\t\t\t\t\t<\/div>\n\t\t<\/section>\n\t\t\t\t<section class=\"elementor-section elementor-top-section elementor-element elementor-element-1f739e9 elementor-section-boxed elementor-section-height-default elementor-section-height-default\" data-id=\"1f739e9\" data-element_type=\"section\" data-e-type=\"section\" data-settings=\"{&quot;background_background&quot;:&quot;classic&quot;}\">\n\t\t\t\t\t\t\t<div class=\"elementor-background-overlay\"><\/div>\n\t\t\t\t\t\t\t<div class=\"elementor-container elementor-column-gap-custom\">\n\t\t\t\t\t<div class=\"elementor-column elementor-col-100 elementor-top-column elementor-element elementor-element-1054517\" data-id=\"1054517\" data-element_type=\"column\" data-e-type=\"column\">\n\t\t\t<div class=\"elementor-widget-wrap elementor-element-populated\">\n\t\t\t\t\t\t<div class=\"elementor-element elementor-element-fe71f85 elementor-widget elementor-widget-foxiz-heading\" data-id=\"fe71f85\" data-element_type=\"widget\" data-e-type=\"widget\" data-widget_type=\"foxiz-heading.default\">\n\t\t\t\t<div class=\"elementor-widget-container\">\n\t\t\t\t\t<div id=\"uid_fe71f85\" class=\"block-h heading-layout-5 light-scheme\"><div class=\"heading-inner\"><h2 class=\"heading-title\"><span>POL\u00cdCIA<\/span><\/h2><\/div><\/div>\t\t\t\t<\/div>\n\t\t\t\t<\/div>\n\t\t\t\t<div class=\"elementor-element elementor-element-28eb71f elementor-widget elementor-widget-foxiz-grid-flex-2\" data-id=\"28eb71f\" data-element_type=\"widget\" data-e-type=\"widget\" data-widget_type=\"foxiz-grid-flex-2.default\">\n\t\t\t\t<div class=\"elementor-widget-container\">\n\t\t\t\t\t<div id=\"uid_28eb71f\" class=\"block-wrap block-grid block-grid-flex-2 is-hoz-scroll rb-columns rb-col-3 is-gap-20 light-scheme col-border is-border-dark ecat-text meta-s-\"><div class=\"block-inner\">\t\t<div class=\"p-wrap p-grid p-grid-2\" data-pid=\"3755\">\r\n\t\t\t\t<div class=\"feat-holder\">\t\t<div class=\"p-featured\">\r\n\t\t\t\t\t<a class=\"p-flink\" href=\"https:\/\/balancotocantins.com.br\/?p=3755\" title=\"Mauro Cid sai preso ap\u00f3s depoimento no STF\">\r\n\t\t\t<img loading=\"lazy\" decoding=\"async\" width=\"330\" height=\"220\" src=\"https:\/\/i0.wp.com\/agenciabrasil.ebc.com.br\/justica\/noticia\/2024-03\/mauro-cid-sai-preso-apos-depoimento-no-stf#?w=330&amp;resize=330,220&amp;ssl=1\" class=\"featured-img wp-post-image\" alt=\"Mauro Cid sai preso ap\u00f3s depoimento no STF\" title=\"Mauro Cid sai preso ap\u00f3s depoimento no STF\" loading=\"lazy\" \/>\t\t<\/a>\r\n\t\t\t\t<\/div>\r\n\t<\/div>\r\n\t\t<h2 class=\"entry-title\">\t\t<a class=\"p-url\" href=\"https:\/\/balancotocantins.com.br\/?p=3755\" rel=\"bookmark\">Mauro Cid sai preso ap\u00f3s depoimento no STF<\/a><\/h2><div class=\"p-divider is-divider-solid\"><\/div>\t\t\t<div class=\"p-meta\">\r\n\t\t\t\t<div class=\"meta-inner is-meta\">\r\n\t\t\t\t\t<span class=\"meta-el meta-update\">\r\n\t\t\t\t<time class=\"updated\" datetime=\"2024-09-17T11:14:48-03:00\">17 de setembro de 2024<\/time>\r\n\t\t<\/span>\r\n\t\t\t\t\t\t<\/div>\r\n\t\t\t\t\t\t\t<\/div>\r\n\t\t\t\t<\/div>\r\n\t\t\t<div class=\"p-wrap p-grid p-grid-2\" data-pid=\"9560\">\r\n\t\t\t\t<div class=\"feat-holder\">\t\t<div class=\"p-featured\">\r\n\t\t\t\t\t<a class=\"p-flink\" href=\"https:\/\/balancotocantins.com.br\/?p=9560\" title=\"Em Brejinho de Nazar\u00e9, homem de 36 anos \u00e9 morto ap\u00f3s ser atingido por um tiro em carreata pol\u00edtica\">\r\n\t\t\t<img loading=\"lazy\" decoding=\"async\" width=\"330\" height=\"220\" src=\"https:\/\/i0.wp.com\/rr10noticias.com.br\/wp-content\/uploads\/2024\/09\/4b0cab99-036a-4928-8df7-71495901bb08-860x547-1.jpeg?fit=860%2C547&amp;ssl=1\" class=\"featured-img wp-post-image\" alt=\"Em Brejinho de Nazar\u00e9, homem de 36 anos \u00e9 morto ap\u00f3s ser atingido por um tiro em carreata pol\u00edtica\" title=\"Em Brejinho de Nazar\u00e9, homem de 36 anos \u00e9 morto ap\u00f3s ser atingido por um tiro em carreata pol\u00edtica\" loading=\"lazy\" \/>\t\t<\/a>\r\n\t\t\t\t<\/div>\r\n\t<\/div>\r\n\t\t<h2 class=\"entry-title\">\t\t<a class=\"p-url\" href=\"https:\/\/balancotocantins.com.br\/?p=9560\" rel=\"bookmark\">Em Brejinho de Nazar\u00e9, homem de 36 anos \u00e9 morto ap\u00f3s ser atingido por um tiro em carreata pol\u00edtica<\/a><\/h2><div class=\"p-divider is-divider-solid\"><\/div>\t\t\t<div class=\"p-meta\">\r\n\t\t\t\t<div class=\"meta-inner is-meta\">\r\n\t\t\t\t\t<span class=\"meta-el meta-update\">\r\n\t\t\t\t<time class=\"updated\" datetime=\"2024-10-05T22:24:14-03:00\">5 de outubro de 2024<\/time>\r\n\t\t<\/span>\r\n\t\t\t\t\t\t<\/div>\r\n\t\t\t\t\t\t\t<\/div>\r\n\t\t\t\t<\/div>\r\n\t\t\t<div class=\"p-wrap p-grid p-grid-2\" data-pid=\"10507\">\r\n\t\t\t\t<div class=\"feat-holder\">\t\t<div class=\"p-featured\">\r\n\t\t\t\t\t<a class=\"p-flink\" href=\"https:\/\/balancotocantins.com.br\/?p=10507\" title=\"Em Porto Nacional, Pol\u00edcia Civil prende homem condenado a mais de 16 anos de pris\u00e3o\">\r\n\t\t\t<img loading=\"lazy\" decoding=\"async\" width=\"330\" height=\"220\" src=\"https:\/\/i0.wp.com\/rr10noticias.com.br\/wp-content\/uploads\/2024\/03\/WhatsApp-Image-2024-03-25-at-13.13.11-1.jpeg?fit=450%2C600&amp;ssl=1\" class=\"featured-img wp-post-image\" alt=\"Em Porto Nacional, Pol\u00edcia Civil prende homem condenado a mais de 16 anos de pris\u00e3o\" title=\"Em Porto Nacional, Pol\u00edcia Civil prende homem condenado a mais de 16 anos de pris\u00e3o\" loading=\"lazy\" \/>\t\t<\/a>\r\n\t\t\t\t<\/div>\r\n\t<\/div>\r\n\t\t<h2 class=\"entry-title\">\t\t<a class=\"p-url\" href=\"https:\/\/balancotocantins.com.br\/?p=10507\" rel=\"bookmark\">Em Porto Nacional, Pol\u00edcia Civil prende homem condenado a mais de 16 anos de pris\u00e3o<\/a><\/h2><div class=\"p-divider is-divider-solid\"><\/div>\t\t\t<div class=\"p-meta\">\r\n\t\t\t\t<div class=\"meta-inner is-meta\">\r\n\t\t\t\t\t<span class=\"meta-el meta-update\">\r\n\t\t\t\t<time class=\"updated\" datetime=\"2025-01-22T17:02:31-03:00\">22 de janeiro de 2025<\/time>\r\n\t\t<\/span>\r\n\t\t\t\t\t\t<\/div>\r\n\t\t\t\t\t\t\t<\/div>\r\n\t\t\t\t<\/div>\r\n\t<\/div><\/div>\t\t\t\t<\/div>\n\t\t\t\t<\/div>\n\t\t\t\t\t<\/div>\n\t\t<\/div>\n\t\t\t\t\t<\/div>\n\t\t<\/section>\n\t\t\t\t<section class=\"elementor-section elementor-top-section elementor-element elementor-element-34f8ca3 elementor-section-boxed elementor-section-height-default elementor-section-height-default\" data-id=\"34f8ca3\" data-element_type=\"section\" data-e-type=\"section\">\n\t\t\t\t\t\t<div class=\"elementor-container elementor-column-gap-custom\">\n\t\t\t\t\t<div class=\"elementor-column elementor-col-100 elementor-top-column elementor-element elementor-element-c976e56\" data-id=\"c976e56\" data-element_type=\"column\" data-e-type=\"column\">\n\t\t\t<div class=\"elementor-widget-wrap elementor-element-populated\">\n\t\t\t\t\t\t<div class=\"elementor-element elementor-element-0f9cbbe elementor-widget elementor-widget-foxiz-heading\" data-id=\"0f9cbbe\" data-element_type=\"widget\" data-e-type=\"widget\" data-widget_type=\"foxiz-heading.default\">\n\t\t\t\t<div class=\"elementor-widget-container\">\n\t\t\t\t\t<div id=\"uid_0f9cbbe\" class=\"block-h heading-layout-5\"><div class=\"heading-inner\"><h2 class=\"heading-title\"><span>ECONOMIA<\/span><\/h2><\/div><\/div>\t\t\t\t<\/div>\n\t\t\t\t<\/div>\n\t\t\t\t<div class=\"elementor-element elementor-element-d5703b5 elementor-widget elementor-widget-foxiz-grid-flex-2\" data-id=\"d5703b5\" data-element_type=\"widget\" data-e-type=\"widget\" data-widget_type=\"foxiz-grid-flex-2.default\">\n\t\t\t\t<div class=\"elementor-widget-container\">\n\t\t\t\t\t<div id=\"uid_d5703b5\" class=\"block-wrap block-grid block-grid-flex-2 first-featured is-hoz-scroll rb-columns rb-col-3 is-gap-custom is-pagi-text ecat-text meta-s-\"><div class=\"block-inner\">\t\t<div class=\"p-wrap p-box p-grid-box-2 box-bg\" data-pid=\"9065\">\r\n\t<div class=\"grid-box\">\t\t\t<div class=\"feat-holder\">\t\t<div class=\"p-featured\">\r\n\t\t\t\t\t<a class=\"p-flink\" href=\"https:\/\/balancotocantins.com.br\/?p=9065\" title=\"Trump diz que Elon Musk ter\u00e1 cargo em seu governo, caso ven\u00e7a | Mundo\">\r\n\t\t\t<img loading=\"lazy\" decoding=\"async\" width=\"420\" height=\"280\" src=\"https:\/\/i0.wp.com\/s2-valor.glbimg.com\/T8fTrvY1uCGVtM4_SwehlpKQkqw=\/1200x\/smart\/filters:cover():strip_icc()\/i.s3.glbimg.com\/v1\/AUTH_63b422c2caee4269b8b34177e8876b93\/internal_photos\/bs\/2024\/O\/r\/q4TgIuQ9KAPxN65NFw2w\/ap24249656784834.jpg?w=420&amp;resize=420,280&amp;ssl=1\" class=\"featured-img wp-post-image\" alt=\"Trump diz que Elon Musk ter\u00e1 cargo em seu governo, caso ven\u00e7a | Mundo\" title=\"Trump diz que Elon Musk ter\u00e1 cargo em seu governo, caso ven\u00e7a | Mundo\" loading=\"lazy\" \/>\t\t<\/a>\r\n\t\t\t\t<\/div>\r\n\t<\/div>\r\n\t\t<h3 class=\"entry-title\">\t\t<a class=\"p-url\" href=\"https:\/\/balancotocantins.com.br\/?p=9065\" rel=\"bookmark\">Trump diz que Elon Musk ter\u00e1 cargo em seu governo, caso ven\u00e7a | Mundo<\/a><\/h3><p class=\"entry-summary\">O ex-presidente americano e candidato republicano \u00e0s elei\u00e7\u00f5es de novembro, Donald Trump, disse nesta quinta-feira (5) que convidar\u00e1 o bilion\u00e1rio<span>&hellip;<\/span><\/p>\r\n\t\t\t<div class=\"p-divider is-divider-solid\"><\/div>\t\t\t<div class=\"p-meta\">\r\n\t\t\t\t<div class=\"meta-inner is-meta\">\r\n\t\t\t\t\t<span class=\"meta-el meta-update\">\r\n\t\t\t\t<time class=\"updated\" datetime=\"2024-09-05T17:19:47-03:00\">5 de setembro de 2024<\/time>\r\n\t\t<\/span>\r\n\t\t\t\t\t\t<\/div>\r\n\t\t\t\t\t\t\t<\/div>\r\n\t\t<\/div>\t\t<\/div>\r\n\t\t\t<div class=\"p-wrap p-box p-grid-box-2 box-bg\" data-pid=\"7535\">\r\n\t<div class=\"grid-box\">\t\t\t<div class=\"feat-holder\">\t\t<div class=\"p-featured\">\r\n\t\t\t\t\t<a class=\"p-flink\" href=\"https:\/\/balancotocantins.com.br\/?p=7535\" title=\"Brasil deixa top 3 em ranking de melhores aeroportos do mundo; Bras\u00edlia conquista 5\u00ba lugar | Empresas\">\r\n\t\t\t<img loading=\"lazy\" decoding=\"async\" width=\"420\" height=\"280\" src=\"https:\/\/i2.wp.com\/s2-valor.glbimg.com\/Sq1JzOej7-ZXP-T_Tq1EVMCTiwk=\/1200x\/smart\/filters:cover():strip_icc()\/i.s3.glbimg.com\/v1\/AUTH_63b422c2caee4269b8b34177e8876b93\/internal_photos\/bs\/2024\/P\/L\/KdA22jQ0iE69Iyfd3QVg\/364814259-665049295669261-6690445342372367712-n.jpg?w=420&amp;resize=420,280&amp;ssl=1\" class=\"featured-img wp-post-image\" alt=\"Brasil deixa top 3 em ranking de melhores aeroportos do mundo; Bras\u00edlia conquista 5\u00ba lugar | Empresas\" title=\"Brasil deixa top 3 em ranking de melhores aeroportos do mundo; Bras\u00edlia conquista 5\u00ba lugar | Empresas\" loading=\"lazy\" \/>\t\t<\/a>\r\n\t\t\t\t<\/div>\r\n\t<\/div>\r\n\t\t<h3 class=\"entry-title\">\t\t<a class=\"p-url\" href=\"https:\/\/balancotocantins.com.br\/?p=7535\" rel=\"bookmark\">Brasil deixa top 3 em ranking de melhores aeroportos do mundo; Bras\u00edlia conquista 5\u00ba lugar | Empresas<\/a><\/h3><p class=\"entry-summary\">O Brasil perdeu posi\u00e7\u00f5es e n\u00e3o tem mais aeroportos entre os tr\u00eas melhores do mundo, de acordo com o ranking<span>&hellip;<\/span><\/p>\r\n\t\t\t<div class=\"p-divider is-divider-solid\"><\/div>\t\t\t<div class=\"p-meta\">\r\n\t\t\t\t<div class=\"meta-inner is-meta\">\r\n\t\t\t\t\t<span class=\"meta-el meta-update\">\r\n\t\t\t\t<time class=\"updated\" datetime=\"2024-07-09T19:45:29-03:00\">9 de julho de 2024<\/time>\r\n\t\t<\/span>\r\n\t\t\t\t\t\t<\/div>\r\n\t\t\t\t\t\t\t<\/div>\r\n\t\t<\/div>\t\t<\/div>\r\n\t\t\t<div class=\"p-wrap p-box p-grid-box-2 box-bg\" data-pid=\"8946\">\r\n\t<div class=\"grid-box\">\t\t\t<div class=\"feat-holder\">\t\t<div class=\"p-featured\">\r\n\t\t\t\t\t<a class=\"p-flink\" href=\"https:\/\/balancotocantins.com.br\/?p=8946\" title=\"Agenda STF: Corte julga ISS na base do PIS\/Cofins, Funrural e d\u00edvida fiscal de Minas Gerais na quarta-feira | Legisla\u00e7\u00e3o\">\r\n\t\t\t<img loading=\"lazy\" decoding=\"async\" width=\"420\" height=\"280\" src=\"https:\/\/i3.wp.com\/s2-valor.glbimg.com\/pr0xpqC54hSn2dFHvr0Y63waZDk=\/1200x\/smart\/filters:cover():strip_icc()\/i.s3.glbimg.com\/v1\/AUTH_63b422c2caee4269b8b34177e8876b93\/internal_photos\/bs\/2024\/k\/9\/CJZsKLQWicEEGVYqYNtQ\/stf-plenario.jpg?w=420&amp;resize=420,280&amp;ssl=1\" class=\"featured-img wp-post-image\" alt=\"Agenda STF: Corte julga ISS na base do PIS\/Cofins, Funrural e d\u00edvida fiscal de Minas Gerais na quarta-feira | Legisla\u00e7\u00e3o\" title=\"Agenda STF: Corte julga ISS na base do PIS\/Cofins, Funrural e d\u00edvida fiscal de Minas Gerais na quarta-feira | Legisla\u00e7\u00e3o\" loading=\"lazy\" \/>\t\t<\/a>\r\n\t\t\t\t<\/div>\r\n\t<\/div>\r\n\t\t<h3 class=\"entry-title\">\t\t<a class=\"p-url\" href=\"https:\/\/balancotocantins.com.br\/?p=8946\" rel=\"bookmark\">Agenda STF: Corte julga ISS na base do PIS\/Cofins, Funrural e d\u00edvida fiscal de Minas Gerais na quarta-feira | Legisla\u00e7\u00e3o<\/a><\/h3><p class=\"entry-summary\">Est\u00e1 na pauta do Supremo Tribunal Federal (STF) da pr\u00f3xima semana a exclus\u00e3o do ISS da base de c\u00e1lculo do<span>&hellip;<\/span><\/p>\r\n\t\t\t<div class=\"p-divider is-divider-solid\"><\/div>\t\t\t<div class=\"p-meta\">\r\n\t\t\t\t<div class=\"meta-inner is-meta\">\r\n\t\t\t\t\t<span class=\"meta-el meta-update\">\r\n\t\t\t\t<time class=\"updated\" datetime=\"2024-08-25T12:56:50-03:00\">25 de agosto de 2024<\/time>\r\n\t\t<\/span>\r\n\t\t\t\t\t\t<\/div>\r\n\t\t\t\t\t\t\t<\/div>\r\n\t\t<\/div>\t\t<\/div>\r\n\t<\/div><\/div>\t\t\t\t<\/div>\n\t\t\t\t<\/div>\n\t\t\t\t<div class=\"elementor-element elementor-element-343fe38 elementor-widget__width-auto elementor-absolute elementor-view-default elementor-widget elementor-widget-icon\" data-id=\"343fe38\" data-element_type=\"widget\" data-e-type=\"widget\" data-settings=\"{&quot;_position&quot;:&quot;absolute&quot;}\" data-widget_type=\"icon.default\">\n\t\t\t\t<div class=\"elementor-widget-container\">\n\t\t\t\t\t\t\t<div class=\"elementor-icon-wrapper\">\n\t\t\t<div class=\"elementor-icon\">\n\t\t\t\t\t\t<\/div>\n\t\t<\/div>\n\t\t\t\t\t\t<\/div>\n\t\t\t\t<\/div>\n\t\t\t\t\t<\/div>\n\t\t<\/div>\n\t\t\t\t\t<\/div>\n\t\t<\/section>\n\t\t\t\t<section class=\"elementor-section elementor-top-section elementor-element elementor-element-2eefbc7 elementor-section-boxed elementor-section-height-default elementor-section-height-default\" data-id=\"2eefbc7\" data-element_type=\"section\" data-e-type=\"section\">\n\t\t\t\t\t\t<div class=\"elementor-container elementor-column-gap-custom\">\n\t\t\t\t\t<div class=\"elementor-column elementor-col-100 elementor-top-column elementor-element elementor-element-0a8b654\" data-id=\"0a8b654\" data-element_type=\"column\" data-e-type=\"column\">\n\t\t\t<div class=\"elementor-widget-wrap elementor-element-populated\">\n\t\t\t\t\t\t<div class=\"elementor-element elementor-element-2b67981 elementor-widget elementor-widget-foxiz-heading\" data-id=\"2b67981\" data-element_type=\"widget\" data-e-type=\"widget\" data-widget_type=\"foxiz-heading.default\">\n\t\t\t\t<div class=\"elementor-widget-container\">\n\t\t\t\t\t<div id=\"uid_2b67981\" class=\"block-h heading-layout-5\"><div class=\"heading-inner\"><h2 class=\"heading-title\"><span>ESPORTES<\/span><\/h2><\/div><\/div>\t\t\t\t<\/div>\n\t\t\t\t<\/div>\n\t\t\t\t<div class=\"elementor-element elementor-element-1a765a7 elementor-widget elementor-widget-foxiz-grid-flex-2\" data-id=\"1a765a7\" data-element_type=\"widget\" data-e-type=\"widget\" data-widget_type=\"foxiz-grid-flex-2.default\">\n\t\t\t\t<div class=\"elementor-widget-container\">\n\t\t\t\t\t<div id=\"uid_1a765a7\" class=\"block-wrap block-grid block-grid-flex-2 first-featured is-hoz-scroll rb-columns rb-col-4 is-gap-custom light-scheme is-pagi-text ecat-text meta-s-\"><div class=\"block-inner\">\t\t<div class=\"p-wrap p-box p-grid-box-2 box-bg\" data-pid=\"14192\">\r\n\t<div class=\"grid-box\">\t\t\t<div class=\"feat-holder\">\t\t<div class=\"p-featured\">\r\n\t\t\t\t\t<a class=\"p-flink\" href=\"https:\/\/balancotocantins.com.br\/?p=14192\" title=\"Rossi brilha nos p\u00eanaltis e garante classifica\u00e7\u00e3o do Flamengo\">\r\n\t\t\t<img loading=\"lazy\" decoding=\"async\" width=\"330\" height=\"220\" src=\"https:\/\/i1.wp.com\/imagens.ebc.com.br\/afa4yVRifsx1gRse-fwOe6UbUsg=\/1600x800\/https:\/\/agenciabrasil.ebc.com.br\/sites\/default\/files\/thumbnails\/image\/2025\/09\/25\/2025-09-26t025026z_590832014_up1el9q07w0jx_rtrmadp_3_soccer-libertadores-esu-fla.jpg?itok=qmpH5d1m&amp;w=330&amp;resize=330,220&amp;ssl=1\" class=\"featured-img wp-post-image\" alt=\"Rossi brilha nos p\u00eanaltis e garante classifica\u00e7\u00e3o do Flamengo\" title=\"Rossi brilha nos p\u00eanaltis e garante classifica\u00e7\u00e3o do Flamengo\" loading=\"lazy\" \/>\t\t<\/a>\r\n\t\t\t\t<\/div>\r\n\t<\/div>\r\n\t\t<h3 class=\"entry-title\">\t\t<a class=\"p-url\" href=\"https:\/\/balancotocantins.com.br\/?p=14192\" rel=\"bookmark\">Rossi brilha nos p\u00eanaltis e garante classifica\u00e7\u00e3o do Flamengo<\/a><\/h3><div class=\"p-divider is-divider-solid\"><\/div>\t\t\t<div class=\"p-meta\">\r\n\t\t\t\t<div class=\"meta-inner is-meta\">\r\n\t\t\t\t\t<span class=\"meta-el meta-update\">\r\n\t\t\t\t<time class=\"updated\" datetime=\"2025-09-26T09:32:13-03:00\">26 de setembro de 2025<\/time>\r\n\t\t<\/span>\r\n\t\t\t\t\t\t<\/div>\r\n\t\t\t\t\t\t\t<\/div>\r\n\t\t<\/div>\t\t<\/div>\r\n\t\t\t<div class=\"p-wrap p-box p-grid-box-2 box-bg\" data-pid=\"13867\">\r\n\t<div class=\"grid-box\">\t\t\t<div class=\"feat-holder\">\t\t<div class=\"p-featured\">\r\n\t\t\t\t\t<a class=\"p-flink\" href=\"https:\/\/balancotocantins.com.br\/?p=13867\" title=\"Fluminense derrota Bahia por 2 a 0 e avan\u00e7a na Copa do Brasil\">\r\n\t\t\t<img loading=\"lazy\" decoding=\"async\" width=\"330\" height=\"220\" src=\"https:\/\/i1.wp.com\/imagens.ebc.com.br\/hcuwRS_1VMuiqe62gmUZZkdKfa4=\/1600x800\/https:\/\/agenciabrasil.ebc.com.br\/sites\/default\/files\/thumbnails\/image\/2025\/09\/10\/54779110411_25d688ff56_k.jpg?itok=mqa9h__k&amp;w=330&amp;resize=330,220&amp;ssl=1\" class=\"featured-img wp-post-image\" alt=\"Fluminense derrota Bahia por 2 a 0 e avan\u00e7a na Copa do Brasil\" title=\"Fluminense derrota Bahia por 2 a 0 e avan\u00e7a na Copa do Brasil\" loading=\"lazy\" \/>\t\t<\/a>\r\n\t\t\t\t<\/div>\r\n\t<\/div>\r\n\t\t<h3 class=\"entry-title\">\t\t<a class=\"p-url\" href=\"https:\/\/balancotocantins.com.br\/?p=13867\" rel=\"bookmark\">Fluminense derrota Bahia por 2 a 0 e avan\u00e7a na Copa do Brasil<\/a><\/h3><div class=\"p-divider is-divider-solid\"><\/div>\t\t\t<div class=\"p-meta\">\r\n\t\t\t\t<div class=\"meta-inner is-meta\">\r\n\t\t\t\t\t<span class=\"meta-el meta-update\">\r\n\t\t\t\t<time class=\"updated\" datetime=\"2025-09-11T06:31:03-03:00\">11 de setembro de 2025<\/time>\r\n\t\t<\/span>\r\n\t\t\t\t\t\t<\/div>\r\n\t\t\t\t\t\t\t<\/div>\r\n\t\t<\/div>\t\t<\/div>\r\n\t\t\t<div class=\"p-wrap p-box p-grid-box-2 box-bg\" data-pid=\"16043\">\r\n\t<div class=\"grid-box\">\t\t\t<div class=\"feat-holder\">\t\t<div class=\"p-featured\">\r\n\t\t\t\t\t<a class=\"p-flink\" href=\"https:\/\/balancotocantins.com.br\/?p=16043\" title=\"Maior campe\u00e3 paral\u00edmpica, Carol Santiago aprova testes para 2028\">\r\n\t\t\t<img loading=\"lazy\" decoding=\"async\" width=\"330\" height=\"220\" src=\"https:\/\/i1.wp.com\/imagens.ebc.com.br\/69cE5NeZ9PAsS_WnOOk5822MPUc=\/1600x800\/https:\/\/agenciabrasil.ebc.com.br\/sites\/default\/files\/thumbnails\/image\/2025\/12\/25\/carol_santiago_wr_3975.jpg?itok=egth21Qs&amp;w=330&amp;resize=330,220&amp;ssl=1\" class=\"featured-img wp-post-image\" alt=\"Maior campe\u00e3 paral\u00edmpica, Carol Santiago aprova testes para 2028\" title=\"Maior campe\u00e3 paral\u00edmpica, Carol Santiago aprova testes para 2028\" loading=\"lazy\" \/>\t\t<\/a>\r\n\t\t\t\t<\/div>\r\n\t<\/div>\r\n\t\t<h3 class=\"entry-title\">\t\t<a class=\"p-url\" href=\"https:\/\/balancotocantins.com.br\/?p=16043\" rel=\"bookmark\">Maior campe\u00e3 paral\u00edmpica, Carol Santiago aprova testes para 2028<\/a><\/h3><div class=\"p-divider is-divider-solid\"><\/div>\t\t\t<div class=\"p-meta\">\r\n\t\t\t\t<div class=\"meta-inner is-meta\">\r\n\t\t\t\t\t<span class=\"meta-el meta-update\">\r\n\t\t\t\t<time class=\"updated\" datetime=\"2025-12-26T06:03:48-03:00\">26 de dezembro de 2025<\/time>\r\n\t\t<\/span>\r\n\t\t\t\t\t\t<\/div>\r\n\t\t\t\t\t\t\t<\/div>\r\n\t\t<\/div>\t\t<\/div>\r\n\t\t\t<div class=\"p-wrap p-box p-grid-box-2 box-bg\" data-pid=\"13082\">\r\n\t<div class=\"grid-box\">\t\t\t<div class=\"feat-holder\">\t\t<div class=\"p-featured\">\r\n\t\t\t\t\t<a class=\"p-flink\" href=\"https:\/\/balancotocantins.com.br\/?p=13082\" title=\"Brasil vence Eslov\u00eania e confirma bronze na Liga das Na\u00e7\u00f5es\">\r\n\t\t\t<img loading=\"lazy\" decoding=\"async\" width=\"330\" height=\"220\" src=\"https:\/\/i1.wp.com\/imagens.ebc.com.br\/ZXCvA-dd7YWQfoevayUjziFT3eo=\/1600x800\/https:\/\/agenciabrasil.ebc.com.br\/sites\/default\/files\/thumbnails\/image\/2025\/07\/20\/brasil_3_x_1_alemanha_liga_das_nacoes_volei_masc.jpg?itok=DWgD_zt4&amp;w=330&amp;resize=330,220&amp;ssl=1\" class=\"featured-img wp-post-image\" alt=\"Brasil vence Eslov\u00eania e confirma bronze na Liga das Na\u00e7\u00f5es\" title=\"Brasil vence Eslov\u00eania e confirma bronze na Liga das Na\u00e7\u00f5es\" loading=\"lazy\" \/>\t\t<\/a>\r\n\t\t\t\t<\/div>\r\n\t<\/div>\r\n\t\t<h3 class=\"entry-title\">\t\t<a class=\"p-url\" href=\"https:\/\/balancotocantins.com.br\/?p=13082\" rel=\"bookmark\">Brasil vence Eslov\u00eania e confirma bronze na Liga das Na\u00e7\u00f5es<\/a><\/h3><div class=\"p-divider is-divider-solid\"><\/div>\t\t\t<div class=\"p-meta\">\r\n\t\t\t\t<div class=\"meta-inner is-meta\">\r\n\t\t\t\t\t<span class=\"meta-el meta-update\">\r\n\t\t\t\t<time class=\"updated\" datetime=\"2025-08-06T07:45:28-03:00\">6 de agosto de 2025<\/time>\r\n\t\t<\/span>\r\n\t\t\t\t\t\t<\/div>\r\n\t\t\t\t\t\t\t<\/div>\r\n\t\t<\/div>\t\t<\/div>\r\n\t<\/div><\/div>\t\t\t\t<\/div>\n\t\t\t\t<\/div>\n\t\t\t\t<div class=\"elementor-element elementor-element-68fc8cb elementor-widget__width-auto elementor-absolute elementor-view-default elementor-widget elementor-widget-icon\" data-id=\"68fc8cb\" data-element_type=\"widget\" data-e-type=\"widget\" data-settings=\"{&quot;_position&quot;:&quot;absolute&quot;}\" data-widget_type=\"icon.default\">\n\t\t\t\t<div class=\"elementor-widget-container\">\n\t\t\t\t\t\t\t<div class=\"elementor-icon-wrapper\">\n\t\t\t<div class=\"elementor-icon\">\n\t\t\t\t\t\t<\/div>\n\t\t<\/div>\n\t\t\t\t\t\t<\/div>\n\t\t\t\t<\/div>\n\t\t\t\t\t<\/div>\n\t\t<\/div>\n\t\t\t\t\t<\/div>\n\t\t<\/section>\n\t\t\t\t<\/div>\n\t\t","protected":false},"excerpt":{"rendered":"<p>edit Pol\u00edtica Prefeitura de Gurupi e senador Iraj\u00e1 ampliam parceria para obras de infraestrutura e bem-estar urbano Por Milkylenne Cardoso 14 de julho de 2025 edit Pol\u00edtica Projeto \u201cPrefeitura nos Bairros\u201d aproxima gest\u00e3o de Josi Nunes da popula\u00e7\u00e3o de Gurupi Por Milkylenne Cardoso 8 de julho de 2025 edit Sociedade Prefeitura de Gurupi entrega Pra\u00e7a [&hellip;]<\/p>\n","protected":false},"author":1,"featured_media":0,"parent":0,"menu_order":0,"comment_status":"closed","ping_status":"closed","template":"","meta":{"footnotes":""},"class_list":["post-4458","page","type-page","status-publish"],"_links":{"self":[{"href":"https:\/\/balancotocantins.com.br\/index.php?rest_route=\/wp\/v2\/pages\/4458","targetHints":{"allow":["GET"]}}],"collection":[{"href":"https:\/\/balancotocantins.com.br\/index.php?rest_route=\/wp\/v2\/pages"}],"about":[{"href":"https:\/\/balancotocantins.com.br\/index.php?rest_route=\/wp\/v2\/types\/page"}],"author":[{"embeddable":true,"href":"https:\/\/balancotocantins.com.br\/index.php?rest_route=\/wp\/v2\/users\/1"}],"replies":[{"embeddable":true,"href":"https:\/\/balancotocantins.com.br\/index.php?rest_route=%2Fwp%2Fv2%2Fcomments&post=4458"}],"version-history":[{"count":62,"href":"https:\/\/balancotocantins.com.br\/index.php?rest_route=\/wp\/v2\/pages\/4458\/revisions"}],"predecessor-version":[{"id":12615,"href":"https:\/\/balancotocantins.com.br\/index.php?rest_route=\/wp\/v2\/pages\/4458\/revisions\/12615"}],"wp:attachment":[{"href":"https:\/\/balancotocantins.com.br\/index.php?rest_route=%2Fwp%2Fv2%2Fmedia&parent=4458"}],"curies":[{"name":"wp","href":"https:\/\/api.w.org\/{rel}","templated":true}]}}