{"id":4458,"date":"2022-12-29T06:06:10","date_gmt":"2022-12-29T06:06:10","guid":{"rendered":"https:\/\/foxiz.themeruby.com\/quantum\/?page_id=2820"},"modified":"2025-07-16T16:32:50","modified_gmt":"2025-07-16T19:32:50","slug":"home","status":"publish","type":"page","link":"https:\/\/balancotocantins.com.br\/","title":{"rendered":"Home"},"content":{"rendered":"\t\t<div data-elementor-type=\"wp-page\" data-elementor-id=\"4458\" class=\"elementor elementor-4458\" data-elementor-post-type=\"page\">\n\t\t\t\t\t\t<section class=\"elementor-section elementor-top-section elementor-element elementor-element-1e50829 elementor-section-boxed elementor-section-height-default elementor-section-height-default\" data-id=\"1e50829\" data-element_type=\"section\" data-e-type=\"section\">\n\t\t\t\t\t\t<div class=\"elementor-container elementor-column-gap-custom\">\n\t\t\t\t\t<div class=\"elementor-column elementor-col-50 elementor-top-column elementor-element elementor-element-ae22629\" data-id=\"ae22629\" data-element_type=\"column\" data-e-type=\"column\">\n\t\t\t<div class=\"elementor-widget-wrap elementor-element-populated\">\n\t\t\t\t\t\t<div class=\"elementor-element elementor-element-645df2a elementor-widget elementor-widget-foxiz-grid-flex-1\" data-id=\"645df2a\" data-element_type=\"widget\" data-e-type=\"widget\" data-widget_type=\"foxiz-grid-flex-1.default\">\n\t\t\t\t<div class=\"elementor-widget-container\">\n\t\t\t\t\t<div id=\"uid_645df2a\" class=\"block-wrap block-grid block-grid-flex-1 rb-columns rb-col-1 rb-tcol-1 rb-mcol-1 is-gap-20 hovering-scale ecat-bg-1 ecat-size-big meta-s-\"><div class=\"block-inner\">\t\t<div class=\"p-wrap p-grid p-grid-1\" data-pid=\"16797\">\r\n\t\t\t\t<div class=\"feat-holder overlay-text\">\r\n\t\t\t\t\t\t<div class=\"p-featured\">\r\n\t\t\t\t\t<a class=\"p-flink\" href=\"https:\/\/balancotocantins.com.br\/?p=16797\" title=\"C\u00e2mara de Gurupi conquista Selo Diamante de Transpar\u00eancia pela segunda vez e refor\u00e7a posi\u00e7\u00e3o de destaque nacional\">\r\n\t\t\t<img loading=\"lazy\" decoding=\"async\" width=\"420\" height=\"280\" src=\"https:\/\/balancotocantins.com.br\/wp-content\/uploads\/2026\/09\/FOTO-SELO-DIAMANTE-SITE-1-420x280.jpg\" class=\"featured-img wp-post-image\" alt=\"C\u00e2mara de Gurupi conquista Selo Diamante de Transpar\u00eancia pela segunda vez e refor\u00e7a posi\u00e7\u00e3o de destaque nacional\" title=\"C\u00e2mara de Gurupi conquista Selo Diamante de Transpar\u00eancia pela segunda vez e refor\u00e7a posi\u00e7\u00e3o de destaque nacional\" loading=\"lazy\" \/>\t\t<\/a>\r\n\t\t\t\t<\/div>\r\n\t<div class=\"p-categories p-top\"><a class=\"p-category category-id-345\" href=\"https:\/\/balancotocantins.com.br\/?cat=345\" rel=\"category\">Pol\u00edtica<\/a><\/div>\t\t\t<\/div>\r\n\t\t<h2 class=\"entry-title\">\t\t<a class=\"p-url\" href=\"https:\/\/balancotocantins.com.br\/?p=16797\" rel=\"bookmark\">C\u00e2mara de Gurupi conquista Selo Diamante de Transpar\u00eancia pela segunda vez e refor\u00e7a posi\u00e7\u00e3o de destaque nacional<\/a><\/h2>\t\t\t<div class=\"p-meta\">\r\n\t\t\t\t<div class=\"meta-inner is-meta\">\r\n\t\t\t\t\t\t\t<a class=\"meta-el meta-avatar\" href=\"https:\/\/balancotocantins.com.br\/?author=1\"><img alt='Milkylenne Cardoso' src='https:\/\/secure.gravatar.com\/avatar\/ef448aee581299cb58e82fe2448eb1e6ada08c9f75cef4595f41771f4a7a573c?s=44&#038;d=mm&#038;r=g' srcset='https:\/\/secure.gravatar.com\/avatar\/ef448aee581299cb58e82fe2448eb1e6ada08c9f75cef4595f41771f4a7a573c?s=88&#038;d=mm&#038;r=g 2x' class='avatar avatar-44 photo' height='44' width='44' \/><\/a>\r\n\t\t<span class=\"meta-el meta-author\">\r\n\t\t\t\t\t<span class=\"meta-label\">Por<\/span>\r\n\t\t\t\t<a href=\"https:\/\/balancotocantins.com.br\/?author=1\">Milkylenne Cardoso<\/a>\r\n\t\t\t\t<\/span>\r\n\t\t<span class=\"meta-el meta-update\">\r\n\t\t\t\t<time class=\"updated\" datetime=\"2026-09-01T20:06:13-03:00\">1 de setembro de 2026<\/time>\r\n\t\t<\/span>\r\n\t\t\t\t\t\t<\/div>\r\n\t\t\t\t\t\t\t<\/div>\r\n\t\t\t\t<\/div>\r\n\t<\/div><\/div>\t\t\t\t<\/div>\n\t\t\t\t<\/div>\n\t\t\t\t\t<\/div>\n\t\t<\/div>\n\t\t\t\t<div class=\"elementor-column elementor-col-50 elementor-top-column elementor-element elementor-element-fc59e50\" data-id=\"fc59e50\" data-element_type=\"column\" data-e-type=\"column\">\n\t\t\t<div class=\"elementor-widget-wrap elementor-element-populated\">\n\t\t\t\t\t\t<div class=\"elementor-element elementor-element-dbacae9 elementor-widget elementor-widget-foxiz-grid-flex-1\" data-id=\"dbacae9\" data-element_type=\"widget\" data-e-type=\"widget\" data-widget_type=\"foxiz-grid-flex-1.default\">\n\t\t\t\t<div class=\"elementor-widget-container\">\n\t\t\t\t\t<div id=\"uid_dbacae9\" class=\"block-wrap block-grid block-grid-flex-1 rb-columns rb-col-1 rb-tcol-1 rb-mcol-1 is-gap-20 hovering-scale ecat-bg-1 meta-s-\"><div class=\"block-inner\">\t\t<div class=\"p-wrap p-grid p-grid-1\" data-pid=\"16794\">\r\n\t\t\t\t<div class=\"feat-holder overlay-text\">\r\n\t\t\t\t\t\t<div class=\"p-featured\">\r\n\t\t\t\t\t<a class=\"p-flink\" href=\"https:\/\/balancotocantins.com.br\/?p=16794\" title=\"Prefeitura de Gurupi promove Caminhada do Agosto Lil\u00e1s para conscientizar sobre o combate \u00e0 viol\u00eancia contra as mulheres\">\r\n\t\t\t<img loading=\"lazy\" decoding=\"async\" width=\"420\" height=\"280\" src=\"https:\/\/balancotocantins.com.br\/wp-content\/uploads\/2026\/08\/IMG-20260825-WA0049-420x280.jpg\" class=\"featured-img wp-post-image\" alt=\"Prefeitura de Gurupi promove Caminhada do Agosto Lil\u00e1s para conscientizar sobre o combate \u00e0 viol\u00eancia contra as mulheres\" title=\"Prefeitura de Gurupi promove Caminhada do Agosto Lil\u00e1s para conscientizar sobre o combate \u00e0 viol\u00eancia contra as mulheres\" loading=\"lazy\" \/>\t\t<\/a>\r\n\t\t\t\t<\/div>\r\n\t<div class=\"p-categories p-top\"><a class=\"p-category category-id-4200\" href=\"https:\/\/balancotocantins.com.br\/?cat=4200\" rel=\"category\">Not\u00edcias<\/a><\/div>\t\t\t<\/div>\r\n\t\t<h4 class=\"entry-title\">\t\t<a class=\"p-url\" href=\"https:\/\/balancotocantins.com.br\/?p=16794\" rel=\"bookmark\">Prefeitura de Gurupi promove Caminhada do Agosto Lil\u00e1s para conscientizar sobre o combate \u00e0 viol\u00eancia contra as mulheres<\/a><\/h4>\t\t\t<div class=\"p-meta\">\r\n\t\t\t\t<div class=\"meta-inner is-meta\">\r\n\t\t\t\t\t\t\t<a class=\"meta-el meta-avatar\" href=\"https:\/\/balancotocantins.com.br\/?author=1\"><img alt='Milkylenne Cardoso' src='https:\/\/secure.gravatar.com\/avatar\/ef448aee581299cb58e82fe2448eb1e6ada08c9f75cef4595f41771f4a7a573c?s=44&#038;d=mm&#038;r=g' srcset='https:\/\/secure.gravatar.com\/avatar\/ef448aee581299cb58e82fe2448eb1e6ada08c9f75cef4595f41771f4a7a573c?s=88&#038;d=mm&#038;r=g 2x' class='avatar avatar-44 photo' height='44' width='44' \/><\/a>\r\n\t\t<span class=\"meta-el meta-author\">\r\n\t\t\t\t\t<span class=\"meta-label\">Por<\/span>\r\n\t\t\t\t<a href=\"https:\/\/balancotocantins.com.br\/?author=1\">Milkylenne Cardoso<\/a>\r\n\t\t\t\t<\/span>\r\n\t\t<span class=\"meta-el meta-update\">\r\n\t\t\t\t<time class=\"updated\" datetime=\"2026-08-27T18:25:11-03:00\">27 de agosto de 2026<\/time>\r\n\t\t<\/span>\r\n\t\t\t\t\t\t<\/div>\r\n\t\t\t\t\t\t\t<\/div>\r\n\t\t\t\t<\/div>\r\n\t\t\t<div class=\"p-wrap p-grid p-grid-1\" data-pid=\"16791\">\r\n\t\t\t\t<div class=\"feat-holder overlay-text\">\r\n\t\t\t\t\t\t<div class=\"p-featured\">\r\n\t\t\t\t\t<a class=\"p-flink\" href=\"https:\/\/balancotocantins.com.br\/?p=16791\" title=\"Gurupi amplia obras no c\u00f3rrego Mutuca e interdita trecho da Avenida Maranh\u00e3o nesta quinta-feira\">\r\n\t\t\t<img loading=\"lazy\" decoding=\"async\" width=\"420\" height=\"280\" src=\"https:\/\/balancotocantins.com.br\/wp-content\/uploads\/2026\/08\/IMG-20260825-WA0005-420x280.jpg\" class=\"featured-img wp-post-image\" alt=\"Gurupi amplia obras no c\u00f3rrego Mutuca e interdita trecho da Avenida Maranh\u00e3o nesta quinta-feira\" title=\"Gurupi amplia obras no c\u00f3rrego Mutuca e interdita trecho da Avenida Maranh\u00e3o nesta quinta-feira\" loading=\"lazy\" \/>\t\t<\/a>\r\n\t\t\t\t<\/div>\r\n\t<div class=\"p-categories p-top\"><a class=\"p-category category-id-7545\" href=\"https:\/\/balancotocantins.com.br\/?cat=7545\" rel=\"category\">Meio Ambiente<\/a><\/div>\t\t\t<\/div>\r\n\t\t<h4 class=\"entry-title\">\t\t<a class=\"p-url\" href=\"https:\/\/balancotocantins.com.br\/?p=16791\" rel=\"bookmark\">Gurupi amplia obras no c\u00f3rrego Mutuca e interdita trecho da Avenida Maranh\u00e3o nesta quinta-feira<\/a><\/h4>\t\t\t<div class=\"p-meta\">\r\n\t\t\t\t<div class=\"meta-inner is-meta\">\r\n\t\t\t\t\t\t\t<a class=\"meta-el meta-avatar\" href=\"https:\/\/balancotocantins.com.br\/?author=1\"><img alt='Milkylenne Cardoso' src='https:\/\/secure.gravatar.com\/avatar\/ef448aee581299cb58e82fe2448eb1e6ada08c9f75cef4595f41771f4a7a573c?s=44&#038;d=mm&#038;r=g' srcset='https:\/\/secure.gravatar.com\/avatar\/ef448aee581299cb58e82fe2448eb1e6ada08c9f75cef4595f41771f4a7a573c?s=88&#038;d=mm&#038;r=g 2x' class='avatar avatar-44 photo' height='44' width='44' \/><\/a>\r\n\t\t<span class=\"meta-el meta-author\">\r\n\t\t\t\t\t<span class=\"meta-label\">Por<\/span>\r\n\t\t\t\t<a href=\"https:\/\/balancotocantins.com.br\/?author=1\">Milkylenne Cardoso<\/a>\r\n\t\t\t\t<\/span>\r\n\t\t<span class=\"meta-el meta-update\">\r\n\t\t\t\t<time class=\"updated\" datetime=\"2026-08-27T18:21:45-03:00\">27 de agosto de 2026<\/time>\r\n\t\t<\/span>\r\n\t\t\t\t\t\t<\/div>\r\n\t\t\t\t\t\t\t<\/div>\r\n\t\t\t\t<\/div>\r\n\t<\/div><\/div>\t\t\t\t<\/div>\n\t\t\t\t<\/div>\n\t\t\t\t\t<\/div>\n\t\t<\/div>\n\t\t\t\t\t<\/div>\n\t\t<\/section>\n\t\t\t\t<section class=\"elementor-section elementor-top-section elementor-element elementor-element-847cc85 elementor-section-boxed elementor-section-height-default elementor-section-height-default\" data-id=\"847cc85\" data-element_type=\"section\" data-e-type=\"section\">\n\t\t\t\t\t\t<div class=\"elementor-container elementor-column-gap-custom\">\n\t\t\t\t\t<div class=\"elementor-column elementor-col-100 elementor-top-column elementor-element elementor-element-8e6376a\" data-id=\"8e6376a\" data-element_type=\"column\" data-e-type=\"column\">\n\t\t\t<div class=\"elementor-widget-wrap elementor-element-populated\">\n\t\t\t\t\t\t<div class=\"elementor-element elementor-element-e6b502b elementor-widget elementor-widget-foxiz-heading\" data-id=\"e6b502b\" data-element_type=\"widget\" data-e-type=\"widget\" data-widget_type=\"foxiz-heading.default\">\n\t\t\t\t<div class=\"elementor-widget-container\">\n\t\t\t\t\t<div id=\"uid_e6b502b\" class=\"block-h heading-layout-5\"><div class=\"heading-inner\"><h2 class=\"heading-title\"><span>EDUCA\u00c7\u00c3O<\/span><\/h2><\/div><\/div>\t\t\t\t<\/div>\n\t\t\t\t<\/div>\n\t\t\t\t<div class=\"elementor-element elementor-element-b047882 elementor-widget elementor-widget-foxiz-overlay-2\" data-id=\"b047882\" data-element_type=\"widget\" data-e-type=\"widget\" data-widget_type=\"foxiz-overlay-2.default\">\n\t\t\t\t<div class=\"elementor-widget-container\">\n\t\t\t\t\t<div id=\"uid_b047882\" class=\"block-wrap block-overlay block-overlay-2 light-overlay-scheme p-gradient rb-columns rb-col-3 is-gap-7 ecat-bg-1 meta-s-\"><div class=\"block-inner\">\t\t<div class=\"p-wrap p-overlay p-overlay-2\" data-pid=\"16785\">\r\n\t        <div class=\"overlay-holder\">\r\n\t\t\t\t\t<div class=\"p-featured\">\r\n\t\t\t\t\t<a class=\"p-flink\" href=\"https:\/\/balancotocantins.com.br\/?p=16785\" title=\"Prefeitura de Gurupi realiza entrega simb\u00f3lica dos uniformes escolares da rede municipal\">\r\n\t\t\t<img loading=\"lazy\" decoding=\"async\" width=\"330\" height=\"220\" src=\"https:\/\/balancotocantins.com.br\/wp-content\/uploads\/2026\/08\/IMG-20260819-WA0048-330x220.jpg\" class=\"featured-img wp-post-image\" alt=\"Prefeitura de Gurupi realiza entrega simb\u00f3lica dos uniformes escolares da rede municipal\" title=\"Prefeitura de Gurupi realiza entrega simb\u00f3lica dos uniformes escolares da rede municipal\" loading=\"lazy\" \/>\t\t<\/a>\r\n\t\t\t\t<\/div>\r\n\t            <div class=\"overlay-wrap\">\r\n                <div class=\"p-content overlay-inner overlay-text\">\r\n\t\t\t\t\t<div class=\"p-categories p-top\"><a class=\"p-category category-id-4737\" href=\"https:\/\/balancotocantins.com.br\/?cat=4737\" rel=\"category\">Educa\u00e7\u00e3o<\/a><\/div><h3 class=\"entry-title\">\t\t<a class=\"p-url\" href=\"https:\/\/balancotocantins.com.br\/?p=16785\" rel=\"bookmark\">Prefeitura de Gurupi realiza entrega simb\u00f3lica dos uniformes escolares da rede municipal<\/a><\/h3>\t\t\t<div class=\"p-meta\">\r\n\t\t\t\t<div class=\"meta-inner is-meta\">\r\n\t\t\t\t\t\t\t<a class=\"meta-el meta-avatar\" href=\"https:\/\/balancotocantins.com.br\/?author=1\"><img alt='Milkylenne Cardoso' src='https:\/\/secure.gravatar.com\/avatar\/ef448aee581299cb58e82fe2448eb1e6ada08c9f75cef4595f41771f4a7a573c?s=44&#038;d=mm&#038;r=g' srcset='https:\/\/secure.gravatar.com\/avatar\/ef448aee581299cb58e82fe2448eb1e6ada08c9f75cef4595f41771f4a7a573c?s=88&#038;d=mm&#038;r=g 2x' class='avatar avatar-44 photo' height='44' width='44' \/><\/a>\r\n\t\t<span class=\"meta-el meta-author\">\r\n\t\t\t\t\t<span class=\"meta-label\">Por<\/span>\r\n\t\t\t\t<a href=\"https:\/\/balancotocantins.com.br\/?author=1\">Milkylenne Cardoso<\/a>\r\n\t\t\t\t<\/span>\r\n\t\t<span class=\"meta-el meta-update\">\r\n\t\t\t\t<time class=\"updated\" datetime=\"2026-08-20T21:42:35-03:00\">20 de agosto de 2026<\/time>\r\n\t\t<\/span>\r\n\t\t\t\t\t\t<\/div>\r\n\t\t\t\t\t\t\t<\/div>\r\n\t\t                <\/div>\r\n            <\/div>\r\n        <\/div>\r\n\t\t\t\t<\/div>\r\n\t\t\t<div class=\"p-wrap p-overlay p-overlay-2\" data-pid=\"16736\">\r\n\t        <div class=\"overlay-holder\">\r\n\t\t\t\t\t<div class=\"p-featured\">\r\n\t\t\t\t\t<a class=\"p-flink\" href=\"https:\/\/balancotocantins.com.br\/?p=16736\" title=\"Mais de 600 estudantes celebram formatura do Proerd e refor\u00e7am compromisso com a cidadania em Gurupi\">\r\n\t\t\t<img loading=\"lazy\" decoding=\"async\" width=\"330\" height=\"220\" src=\"https:\/\/balancotocantins.com.br\/wp-content\/uploads\/2026\/06\/FOTO-FORMATURA-PROERD-SITE-330x220.jpg\" class=\"featured-img wp-post-image\" alt=\"Mais de 600 estudantes celebram formatura do Proerd e refor\u00e7am compromisso com a cidadania em Gurupi\" title=\"Mais de 600 estudantes celebram formatura do Proerd e refor\u00e7am compromisso com a cidadania em Gurupi\" loading=\"lazy\" \/>\t\t<\/a>\r\n\t\t\t\t<\/div>\r\n\t            <div class=\"overlay-wrap\">\r\n                <div class=\"p-content overlay-inner overlay-text\">\r\n\t\t\t\t\t<div class=\"p-categories p-top\"><a class=\"p-category category-id-4737\" href=\"https:\/\/balancotocantins.com.br\/?cat=4737\" rel=\"category\">Educa\u00e7\u00e3o<\/a><\/div><h3 class=\"entry-title\">\t\t<a class=\"p-url\" href=\"https:\/\/balancotocantins.com.br\/?p=16736\" rel=\"bookmark\">Mais de 600 estudantes celebram formatura do Proerd e refor\u00e7am compromisso com a cidadania em Gurupi<\/a><\/h3>\t\t\t<div class=\"p-meta\">\r\n\t\t\t\t<div class=\"meta-inner is-meta\">\r\n\t\t\t\t\t\t\t<a class=\"meta-el meta-avatar\" href=\"https:\/\/balancotocantins.com.br\/?author=1\"><img alt='Milkylenne Cardoso' src='https:\/\/secure.gravatar.com\/avatar\/ef448aee581299cb58e82fe2448eb1e6ada08c9f75cef4595f41771f4a7a573c?s=44&#038;d=mm&#038;r=g' srcset='https:\/\/secure.gravatar.com\/avatar\/ef448aee581299cb58e82fe2448eb1e6ada08c9f75cef4595f41771f4a7a573c?s=88&#038;d=mm&#038;r=g 2x' class='avatar avatar-44 photo' height='44' width='44' \/><\/a>\r\n\t\t<span class=\"meta-el meta-author\">\r\n\t\t\t\t\t<span class=\"meta-label\">Por<\/span>\r\n\t\t\t\t<a href=\"https:\/\/balancotocantins.com.br\/?author=1\">Milkylenne Cardoso<\/a>\r\n\t\t\t\t<\/span>\r\n\t\t<span class=\"meta-el meta-update\">\r\n\t\t\t\t<time class=\"updated\" datetime=\"2026-06-17T18:32:09-03:00\">17 de junho de 2026<\/time>\r\n\t\t<\/span>\r\n\t\t\t\t\t\t<\/div>\r\n\t\t\t\t\t\t\t<\/div>\r\n\t\t                <\/div>\r\n            <\/div>\r\n        <\/div>\r\n\t\t\t\t<\/div>\r\n\t\t\t<div class=\"p-wrap p-overlay p-overlay-2\" data-pid=\"16720\">\r\n\t        <div class=\"overlay-holder\">\r\n\t\t\t\t\t<div class=\"p-featured\">\r\n\t\t\t\t\t<a class=\"p-flink\" href=\"https:\/\/balancotocantins.com.br\/?p=16720\" title=\"Projeto \u201cGurupi Recicla\u201d premia escolas e fortalece consci\u00eancia ambiental entre estudantes\">\r\n\t\t\t<img loading=\"lazy\" decoding=\"async\" width=\"330\" height=\"220\" src=\"https:\/\/balancotocantins.com.br\/wp-content\/uploads\/2026\/05\/entrega-premiacao-3-330x220.jpg\" class=\"featured-img wp-post-image\" alt=\"Projeto \u201cGurupi Recicla\u201d premia escolas e fortalece consci\u00eancia ambiental entre estudantes\" title=\"Projeto \u201cGurupi Recicla\u201d premia escolas e fortalece consci\u00eancia ambiental entre estudantes\" loading=\"lazy\" \/>\t\t<\/a>\r\n\t\t\t\t<\/div>\r\n\t            <div class=\"overlay-wrap\">\r\n                <div class=\"p-content overlay-inner overlay-text\">\r\n\t\t\t\t\t<div class=\"p-categories p-top\"><a class=\"p-category category-id-4737\" href=\"https:\/\/balancotocantins.com.br\/?cat=4737\" rel=\"category\">Educa\u00e7\u00e3o<\/a><\/div><h3 class=\"entry-title\">\t\t<a class=\"p-url\" href=\"https:\/\/balancotocantins.com.br\/?p=16720\" rel=\"bookmark\">Projeto \u201cGurupi Recicla\u201d premia escolas e fortalece consci\u00eancia ambiental entre estudantes<\/a><\/h3>\t\t\t<div class=\"p-meta\">\r\n\t\t\t\t<div class=\"meta-inner is-meta\">\r\n\t\t\t\t\t\t\t<a class=\"meta-el meta-avatar\" href=\"https:\/\/balancotocantins.com.br\/?author=1\"><img alt='Milkylenne Cardoso' src='https:\/\/secure.gravatar.com\/avatar\/ef448aee581299cb58e82fe2448eb1e6ada08c9f75cef4595f41771f4a7a573c?s=44&#038;d=mm&#038;r=g' srcset='https:\/\/secure.gravatar.com\/avatar\/ef448aee581299cb58e82fe2448eb1e6ada08c9f75cef4595f41771f4a7a573c?s=88&#038;d=mm&#038;r=g 2x' class='avatar avatar-44 photo' height='44' width='44' \/><\/a>\r\n\t\t<span class=\"meta-el meta-author\">\r\n\t\t\t\t\t<span class=\"meta-label\">Por<\/span>\r\n\t\t\t\t<a href=\"https:\/\/balancotocantins.com.br\/?author=1\">Milkylenne Cardoso<\/a>\r\n\t\t\t\t<\/span>\r\n\t\t<span class=\"meta-el meta-update\">\r\n\t\t\t\t<time class=\"updated\" datetime=\"2026-05-27T20:57:04-03:00\">27 de maio de 2026<\/time>\r\n\t\t<\/span>\r\n\t\t\t\t\t\t<\/div>\r\n\t\t\t\t\t\t\t<\/div>\r\n\t\t                <\/div>\r\n            <\/div>\r\n        <\/div>\r\n\t\t\t\t<\/div>\r\n\t<\/div><\/div>\t\t\t\t<\/div>\n\t\t\t\t<\/div>\n\t\t\t\t\t<\/div>\n\t\t<\/div>\n\t\t\t\t\t<\/div>\n\t\t<\/section>\n\t\t\t\t<section class=\"elementor-section elementor-top-section elementor-element elementor-element-25465fc elementor-section-boxed elementor-section-height-default elementor-section-height-default\" data-id=\"25465fc\" data-element_type=\"section\" data-e-type=\"section\">\n\t\t\t\t\t\t<div class=\"elementor-container elementor-column-gap-custom\">\n\t\t\t\t\t<div class=\"elementor-column elementor-col-100 elementor-top-column elementor-element elementor-element-92807aa\" data-id=\"92807aa\" data-element_type=\"column\" data-e-type=\"column\">\n\t\t\t<div class=\"elementor-widget-wrap elementor-element-populated\">\n\t\t\t\t\t\t<div class=\"elementor-element elementor-element-1836629 elementor-widget elementor-widget-foxiz-heading\" data-id=\"1836629\" data-element_type=\"widget\" data-e-type=\"widget\" data-widget_type=\"foxiz-heading.default\">\n\t\t\t\t<div class=\"elementor-widget-container\">\n\t\t\t\t\t<div id=\"uid_1836629\" class=\"block-h heading-layout-5\"><div class=\"heading-inner\"><h2 class=\"heading-title\"><span>SA\u00daDE<\/span><\/h2><\/div><\/div>\t\t\t\t<\/div>\n\t\t\t\t<\/div>\n\t\t\t\t<div class=\"elementor-element elementor-element-8afe082 elementor-widget elementor-widget-foxiz-grid-small-1\" data-id=\"8afe082\" data-element_type=\"widget\" data-e-type=\"widget\" data-widget_type=\"foxiz-grid-small-1.default\">\n\t\t\t\t<div class=\"elementor-widget-container\">\n\t\t\t\t\t<div id=\"uid_8afe082\" class=\"block-wrap block-small block-grid block-grid-small-1 rb-columns rb-col-4 is-gap-10 ecat-text meta-s-\"><div class=\"block-inner\">\t\t<div class=\"p-wrap p-grid p-grid-small-1\" data-pid=\"16781\">\r\n\t\t\t\t<div class=\"feat-holder overlay-text\">\r\n\t\t\t\t\t\t<div class=\"p-featured\">\r\n\t\t\t\t\t<a class=\"p-flink\" href=\"https:\/\/balancotocantins.com.br\/?p=16781\" title=\"Gurupi amplia a\u00e7\u00f5es do Agosto Dourado e leva orienta\u00e7\u00e3o sobre amamenta\u00e7\u00e3o \u00e0s unidades de sa\u00fade\">\r\n\t\t\t<img loading=\"lazy\" decoding=\"async\" width=\"330\" height=\"220\" src=\"https:\/\/balancotocantins.com.br\/wp-content\/uploads\/2026\/08\/WhatsApp-Image-2026-08-19-at-09.33.46-2-330x220.jpeg\" class=\"featured-img wp-post-image\" alt=\"Gurupi amplia a\u00e7\u00f5es do Agosto Dourado e leva orienta\u00e7\u00e3o sobre amamenta\u00e7\u00e3o \u00e0s unidades de sa\u00fade\" title=\"Gurupi amplia a\u00e7\u00f5es do Agosto Dourado e leva orienta\u00e7\u00e3o sobre amamenta\u00e7\u00e3o \u00e0s unidades de sa\u00fade\" loading=\"lazy\" \/>\t\t<\/a>\r\n\t\t\t\t<\/div>\r\n\t<div class=\"p-categories p-top mobile-hide\"><a class=\"p-category category-id-346\" href=\"https:\/\/balancotocantins.com.br\/?cat=346\" rel=\"category\">Sa\u00fade<\/a><\/div>\t\t\t<\/div>\r\n\t\t\t\t<div class=\"p-content\">\r\n\t\t\t<h4 class=\"entry-title\">\t\t<a class=\"p-url\" href=\"https:\/\/balancotocantins.com.br\/?p=16781\" rel=\"bookmark\">Gurupi amplia a\u00e7\u00f5es do Agosto Dourado e leva orienta\u00e7\u00e3o sobre amamenta\u00e7\u00e3o \u00e0s unidades de sa\u00fade<\/a><\/h4>\t\t\t<div class=\"p-meta\">\r\n\t\t\t\t<div class=\"meta-inner is-meta\">\r\n\t\t\t\t\t<span class=\"meta-el meta-update\">\r\n\t\t\t\t<time class=\"updated\" datetime=\"2026-08-20T21:38:56-03:00\">20 de agosto de 2026<\/time>\r\n\t\t<\/span>\r\n\t\t\t\t\t\t<\/div>\r\n\t\t\t\t\t\t\t<\/div>\r\n\t\t\t\t<\/div>\r\n\t\t\t\t<\/div>\r\n\t\t\t<div class=\"p-wrap p-grid p-grid-small-1\" data-pid=\"16751\">\r\n\t\t\t\t<div class=\"feat-holder overlay-text\">\r\n\t\t\t\t\t\t<div class=\"p-featured\">\r\n\t\t\t\t\t<a class=\"p-flink\" href=\"https:\/\/balancotocantins.com.br\/?p=16751\" title=\"Gurupi conquista aprova\u00e7\u00e3o de projeto inovador do Minist\u00e9rio da Sa\u00fade para monitorar efeitos das mudan\u00e7as clim\u00e1ticas na sa\u00fade p\u00fablica\">\r\n\t\t\t<img loading=\"lazy\" decoding=\"async\" width=\"330\" height=\"220\" src=\"https:\/\/balancotocantins.com.br\/wp-content\/uploads\/2026\/07\/Gurupi-aerea--330x220.jpg\" class=\"featured-img wp-post-image\" alt=\"Gurupi conquista aprova\u00e7\u00e3o de projeto inovador do Minist\u00e9rio da Sa\u00fade para monitorar efeitos das mudan\u00e7as clim\u00e1ticas na sa\u00fade p\u00fablica\" title=\"Gurupi conquista aprova\u00e7\u00e3o de projeto inovador do Minist\u00e9rio da Sa\u00fade para monitorar efeitos das mudan\u00e7as clim\u00e1ticas na sa\u00fade p\u00fablica\" loading=\"lazy\" \/>\t\t<\/a>\r\n\t\t\t\t<\/div>\r\n\t<div class=\"p-categories p-top mobile-hide\"><a class=\"p-category category-id-346\" href=\"https:\/\/balancotocantins.com.br\/?cat=346\" rel=\"category\">Sa\u00fade<\/a><\/div>\t\t\t<\/div>\r\n\t\t\t\t<div class=\"p-content\">\r\n\t\t\t<h4 class=\"entry-title\">\t\t<a class=\"p-url\" href=\"https:\/\/balancotocantins.com.br\/?p=16751\" rel=\"bookmark\">Gurupi conquista aprova\u00e7\u00e3o de projeto inovador do Minist\u00e9rio da Sa\u00fade para monitorar efeitos das mudan\u00e7as clim\u00e1ticas na sa\u00fade p\u00fablica<\/a><\/h4>\t\t\t<div class=\"p-meta\">\r\n\t\t\t\t<div class=\"meta-inner is-meta\">\r\n\t\t\t\t\t<span class=\"meta-el meta-update\">\r\n\t\t\t\t<time class=\"updated\" datetime=\"2026-07-01T18:57:04-03:00\">1 de julho de 2026<\/time>\r\n\t\t<\/span>\r\n\t\t\t\t\t\t<\/div>\r\n\t\t\t\t\t\t\t<\/div>\r\n\t\t\t\t<\/div>\r\n\t\t\t\t<\/div>\r\n\t\t\t<div class=\"p-wrap p-grid p-grid-small-1\" data-pid=\"16745\">\r\n\t\t\t\t<div class=\"feat-holder overlay-text\">\r\n\t\t\t\t\t\t<div class=\"p-featured\">\r\n\t\t\t\t\t<a class=\"p-flink\" href=\"https:\/\/balancotocantins.com.br\/?p=16745\" title=\"Vem Ver Gurupi ultrapassa 300 consultas e realiza 185 cirurgias em nova etapa de atendimento oftalmol\u00f3gico\">\r\n\t\t\t<img loading=\"lazy\" decoding=\"async\" width=\"330\" height=\"220\" src=\"https:\/\/balancotocantins.com.br\/wp-content\/uploads\/2026\/06\/Projeto-Vem-Gurupi-Foto-Lino-Vargas-Secom-Gurupi-3-330x220.jpeg\" class=\"featured-img wp-post-image\" alt=\"Vem Ver Gurupi ultrapassa 300 consultas e realiza 185 cirurgias em nova etapa de atendimento oftalmol\u00f3gico\" title=\"Vem Ver Gurupi ultrapassa 300 consultas e realiza 185 cirurgias em nova etapa de atendimento oftalmol\u00f3gico\" loading=\"lazy\" \/>\t\t<\/a>\r\n\t\t\t\t<\/div>\r\n\t<div class=\"p-categories p-top mobile-hide\"><a class=\"p-category category-id-346\" href=\"https:\/\/balancotocantins.com.br\/?cat=346\" rel=\"category\">Sa\u00fade<\/a><\/div>\t\t\t<\/div>\r\n\t\t\t\t<div class=\"p-content\">\r\n\t\t\t<h4 class=\"entry-title\">\t\t<a class=\"p-url\" href=\"https:\/\/balancotocantins.com.br\/?p=16745\" rel=\"bookmark\">Vem Ver Gurupi ultrapassa 300 consultas e realiza 185 cirurgias em nova etapa de atendimento oftalmol\u00f3gico<\/a><\/h4>\t\t\t<div class=\"p-meta\">\r\n\t\t\t\t<div class=\"meta-inner is-meta\">\r\n\t\t\t\t\t<span class=\"meta-el meta-update\">\r\n\t\t\t\t<time class=\"updated\" datetime=\"2026-06-22T16:45:58-03:00\">22 de junho de 2026<\/time>\r\n\t\t<\/span>\r\n\t\t\t\t\t\t<\/div>\r\n\t\t\t\t\t\t\t<\/div>\r\n\t\t\t\t<\/div>\r\n\t\t\t\t<\/div>\r\n\t\t\t<div class=\"p-wrap p-grid p-grid-small-1\" data-pid=\"16733\">\r\n\t\t\t\t<div class=\"feat-holder overlay-text\">\r\n\t\t\t\t\t\t<div class=\"p-featured\">\r\n\t\t\t\t\t<a class=\"p-flink\" href=\"https:\/\/balancotocantins.com.br\/?p=16733\" title=\"Vem Ver Gurupi alcan\u00e7a marca hist\u00f3rica e devolve qualidade de vida a centenas de pacientes\">\r\n\t\t\t<img loading=\"lazy\" decoding=\"async\" width=\"330\" height=\"220\" src=\"https:\/\/balancotocantins.com.br\/wp-content\/uploads\/2026\/06\/Vem-ver-Gurupi-Foto-Lino-Vargas-secom-Gurupi-5-330x220.jpeg\" class=\"featured-img wp-post-image\" alt=\"Vem Ver Gurupi alcan\u00e7a marca hist\u00f3rica e devolve qualidade de vida a centenas de pacientes\" title=\"Vem Ver Gurupi alcan\u00e7a marca hist\u00f3rica e devolve qualidade de vida a centenas de pacientes\" loading=\"lazy\" \/>\t\t<\/a>\r\n\t\t\t\t<\/div>\r\n\t<div class=\"p-categories p-top mobile-hide\"><a class=\"p-category category-id-346\" href=\"https:\/\/balancotocantins.com.br\/?cat=346\" rel=\"category\">Sa\u00fade<\/a><\/div>\t\t\t<\/div>\r\n\t\t\t\t<div class=\"p-content\">\r\n\t\t\t<h4 class=\"entry-title\">\t\t<a class=\"p-url\" href=\"https:\/\/balancotocantins.com.br\/?p=16733\" rel=\"bookmark\">Vem Ver Gurupi alcan\u00e7a marca hist\u00f3rica e devolve qualidade de vida a centenas de pacientes<\/a><\/h4>\t\t\t<div class=\"p-meta\">\r\n\t\t\t\t<div class=\"meta-inner is-meta\">\r\n\t\t\t\t\t<span class=\"meta-el meta-update\">\r\n\t\t\t\t<time class=\"updated\" datetime=\"2026-06-10T16:15:15-03:00\">10 de junho de 2026<\/time>\r\n\t\t<\/span>\r\n\t\t\t\t\t\t<\/div>\r\n\t\t\t\t\t\t\t<\/div>\r\n\t\t\t\t<\/div>\r\n\t\t\t\t<\/div>\r\n\t<\/div><\/div>\t\t\t\t<\/div>\n\t\t\t\t<\/div>\n\t\t\t\t<div class=\"elementor-element elementor-element-9ad940c elementor-widget__width-auto elementor-absolute elementor-view-default elementor-widget elementor-widget-icon\" data-id=\"9ad940c\" data-element_type=\"widget\" data-e-type=\"widget\" data-settings=\"{&quot;_position&quot;:&quot;absolute&quot;}\" data-widget_type=\"icon.default\">\n\t\t\t\t<div class=\"elementor-widget-container\">\n\t\t\t\t\t\t\t<div class=\"elementor-icon-wrapper\">\n\t\t\t<div class=\"elementor-icon\">\n\t\t\t\t\t\t<\/div>\n\t\t<\/div>\n\t\t\t\t\t\t<\/div>\n\t\t\t\t<\/div>\n\t\t\t\t\t<\/div>\n\t\t<\/div>\n\t\t\t\t\t<\/div>\n\t\t<\/section>\n\t\t\t\t<section class=\"elementor-section elementor-top-section elementor-element elementor-element-1f739e9 elementor-section-boxed elementor-section-height-default elementor-section-height-default\" data-id=\"1f739e9\" data-element_type=\"section\" data-e-type=\"section\" data-settings=\"{&quot;background_background&quot;:&quot;classic&quot;}\">\n\t\t\t\t\t\t\t<div class=\"elementor-background-overlay\"><\/div>\n\t\t\t\t\t\t\t<div class=\"elementor-container elementor-column-gap-custom\">\n\t\t\t\t\t<div class=\"elementor-column elementor-col-100 elementor-top-column elementor-element elementor-element-1054517\" data-id=\"1054517\" data-element_type=\"column\" data-e-type=\"column\">\n\t\t\t<div class=\"elementor-widget-wrap elementor-element-populated\">\n\t\t\t\t\t\t<div class=\"elementor-element elementor-element-fe71f85 elementor-widget elementor-widget-foxiz-heading\" data-id=\"fe71f85\" data-element_type=\"widget\" data-e-type=\"widget\" data-widget_type=\"foxiz-heading.default\">\n\t\t\t\t<div class=\"elementor-widget-container\">\n\t\t\t\t\t<div id=\"uid_fe71f85\" class=\"block-h heading-layout-5 light-scheme\"><div class=\"heading-inner\"><h2 class=\"heading-title\"><span>POL\u00cdCIA<\/span><\/h2><\/div><\/div>\t\t\t\t<\/div>\n\t\t\t\t<\/div>\n\t\t\t\t<div class=\"elementor-element elementor-element-28eb71f elementor-widget elementor-widget-foxiz-grid-flex-2\" data-id=\"28eb71f\" data-element_type=\"widget\" data-e-type=\"widget\" data-widget_type=\"foxiz-grid-flex-2.default\">\n\t\t\t\t<div class=\"elementor-widget-container\">\n\t\t\t\t\t<div id=\"uid_28eb71f\" class=\"block-wrap block-grid block-grid-flex-2 is-hoz-scroll rb-columns rb-col-3 is-gap-20 light-scheme col-border is-border-dark ecat-text meta-s-\"><div class=\"block-inner\">\t\t<div class=\"p-wrap p-grid p-grid-2\" data-pid=\"3755\">\r\n\t\t\t\t<div class=\"feat-holder\">\t\t<div class=\"p-featured\">\r\n\t\t\t\t\t<a class=\"p-flink\" href=\"https:\/\/balancotocantins.com.br\/?p=3755\" title=\"Mauro Cid sai preso ap\u00f3s depoimento no STF\">\r\n\t\t\t<img loading=\"lazy\" decoding=\"async\" width=\"330\" height=\"220\" src=\"https:\/\/i0.wp.com\/agenciabrasil.ebc.com.br\/justica\/noticia\/2024-03\/mauro-cid-sai-preso-apos-depoimento-no-stf?w=330&amp;resize=330,220&amp;ssl=1\" class=\"featured-img wp-post-image\" alt=\"Mauro Cid sai preso ap\u00f3s depoimento no STF\" title=\"Mauro Cid sai preso ap\u00f3s depoimento no STF\" loading=\"lazy\" \/>\t\t<\/a>\r\n\t\t\t\t<\/div>\r\n\t<\/div>\r\n\t\t<h2 class=\"entry-title\">\t\t<a class=\"p-url\" href=\"https:\/\/balancotocantins.com.br\/?p=3755\" rel=\"bookmark\">Mauro Cid sai preso ap\u00f3s depoimento no STF<\/a><\/h2><div class=\"p-divider is-divider-solid\"><\/div>\t\t\t<div class=\"p-meta\">\r\n\t\t\t\t<div class=\"meta-inner is-meta\">\r\n\t\t\t\t\t<span class=\"meta-el meta-update\">\r\n\t\t\t\t<time class=\"updated\" datetime=\"2024-09-17T11:14:48-03:00\">17 de setembro de 2024<\/time>\r\n\t\t<\/span>\r\n\t\t\t\t\t\t<\/div>\r\n\t\t\t\t\t\t\t<\/div>\r\n\t\t\t\t<\/div>\r\n\t\t\t<div class=\"p-wrap p-grid p-grid-2\" data-pid=\"11189\">\r\n\t\t\t\t<div class=\"feat-holder\">\t\t<div class=\"p-featured\">\r\n\t\t\t\t\t<a class=\"p-flink\" href=\"https:\/\/balancotocantins.com.br\/?p=11189\" title=\"Deputado Alexandre Guimar\u00e3es refor\u00e7a import\u00e2ncia da COP30 em encontro com parlamentares sobre o evento\">\r\n\t\t\t<img loading=\"lazy\" decoding=\"async\" width=\"330\" height=\"220\" src=\"https:\/\/i0.wp.com\/rr10noticias.com.br\/wp-content\/uploads\/2025\/03\/IMG-20250318-WA0210.jpg?fit=970%2C678&amp;ssl=1\" class=\"featured-img wp-post-image\" alt=\"Deputado Alexandre Guimar\u00e3es refor\u00e7a import\u00e2ncia da COP30 em encontro com parlamentares sobre o evento\" title=\"Deputado Alexandre Guimar\u00e3es refor\u00e7a import\u00e2ncia da COP30 em encontro com parlamentares sobre o evento\" loading=\"lazy\" \/>\t\t<\/a>\r\n\t\t\t\t<\/div>\r\n\t<\/div>\r\n\t\t<h2 class=\"entry-title\">\t\t<a class=\"p-url\" href=\"https:\/\/balancotocantins.com.br\/?p=11189\" rel=\"bookmark\">Deputado Alexandre Guimar\u00e3es refor\u00e7a import\u00e2ncia da COP30 em encontro com parlamentares sobre o evento<\/a><\/h2><div class=\"p-divider is-divider-solid\"><\/div>\t\t\t<div class=\"p-meta\">\r\n\t\t\t\t<div class=\"meta-inner is-meta\">\r\n\t\t\t\t\t<span class=\"meta-el meta-update\">\r\n\t\t\t\t<time class=\"updated\" datetime=\"2025-03-23T19:57:32-03:00\">23 de mar\u00e7o de 2025<\/time>\r\n\t\t<\/span>\r\n\t\t\t\t\t\t<\/div>\r\n\t\t\t\t\t\t\t<\/div>\r\n\t\t\t\t<\/div>\r\n\t\t\t<div class=\"p-wrap p-grid p-grid-2\" data-pid=\"11460\">\r\n\t\t\t\t<div class=\"feat-holder\">\t\t<div class=\"p-featured\">\r\n\t\t\t\t\t<a class=\"p-flink\" href=\"https:\/\/balancotocantins.com.br\/?p=11460\" title=\"Governador sanciona lei que unifica cargos da Pol\u00edcia Civil do Tocantins\">\r\n\t\t\t<img loading=\"lazy\" decoding=\"async\" width=\"330\" height=\"220\" src=\"https:\/\/balancotocantins.com.br\/wp-content\/uploads\/2025\/04\/vjj-330x220.avif\" class=\"featured-img wp-post-image\" alt=\"Governador sanciona lei que unifica cargos da Pol\u00edcia Civil do Tocantins\" title=\"Governador sanciona lei que unifica cargos da Pol\u00edcia Civil do Tocantins\" loading=\"lazy\" \/>\t\t<\/a>\r\n\t\t\t\t<\/div>\r\n\t<\/div>\r\n\t\t<h2 class=\"entry-title\">\t\t<a class=\"p-url\" href=\"https:\/\/balancotocantins.com.br\/?p=11460\" rel=\"bookmark\">Governador sanciona lei que unifica cargos da Pol\u00edcia Civil do Tocantins<\/a><\/h2><div class=\"p-divider is-divider-solid\"><\/div>\t\t\t<div class=\"p-meta\">\r\n\t\t\t\t<div class=\"meta-inner is-meta\">\r\n\t\t\t\t\t<span class=\"meta-el meta-update\">\r\n\t\t\t\t<time class=\"updated\" datetime=\"2025-04-14T13:39:26-03:00\">14 de abril de 2025<\/time>\r\n\t\t<\/span>\r\n\t\t\t\t\t\t<\/div>\r\n\t\t\t\t\t\t\t<\/div>\r\n\t\t\t\t<\/div>\r\n\t<\/div><\/div>\t\t\t\t<\/div>\n\t\t\t\t<\/div>\n\t\t\t\t\t<\/div>\n\t\t<\/div>\n\t\t\t\t\t<\/div>\n\t\t<\/section>\n\t\t\t\t<section class=\"elementor-section elementor-top-section elementor-element elementor-element-34f8ca3 elementor-section-boxed elementor-section-height-default elementor-section-height-default\" data-id=\"34f8ca3\" data-element_type=\"section\" data-e-type=\"section\">\n\t\t\t\t\t\t<div class=\"elementor-container elementor-column-gap-custom\">\n\t\t\t\t\t<div class=\"elementor-column elementor-col-100 elementor-top-column elementor-element elementor-element-c976e56\" data-id=\"c976e56\" data-element_type=\"column\" data-e-type=\"column\">\n\t\t\t<div class=\"elementor-widget-wrap elementor-element-populated\">\n\t\t\t\t\t\t<div class=\"elementor-element elementor-element-0f9cbbe elementor-widget elementor-widget-foxiz-heading\" data-id=\"0f9cbbe\" data-element_type=\"widget\" data-e-type=\"widget\" data-widget_type=\"foxiz-heading.default\">\n\t\t\t\t<div class=\"elementor-widget-container\">\n\t\t\t\t\t<div id=\"uid_0f9cbbe\" class=\"block-h heading-layout-5\"><div class=\"heading-inner\"><h2 class=\"heading-title\"><span>ECONOMIA<\/span><\/h2><\/div><\/div>\t\t\t\t<\/div>\n\t\t\t\t<\/div>\n\t\t\t\t<div class=\"elementor-element elementor-element-d5703b5 elementor-widget elementor-widget-foxiz-grid-flex-2\" data-id=\"d5703b5\" data-element_type=\"widget\" data-e-type=\"widget\" data-widget_type=\"foxiz-grid-flex-2.default\">\n\t\t\t\t<div class=\"elementor-widget-container\">\n\t\t\t\t\t<div id=\"uid_d5703b5\" class=\"block-wrap block-grid block-grid-flex-2 first-featured is-hoz-scroll rb-columns rb-col-3 is-gap-custom is-pagi-text ecat-text meta-s-\"><div class=\"block-inner\">\t\t<div class=\"p-wrap p-box p-grid-box-2 box-bg\" data-pid=\"8889\">\r\n\t<div class=\"grid-box\">\t\t\t<div class=\"feat-holder\">\t\t<div class=\"p-featured\">\r\n\t\t\t\t\t<a class=\"p-flink\" href=\"https:\/\/balancotocantins.com.br\/?p=8889\" title=\"Idis cria fundo de patrimonial com meta de capta\u00e7\u00e3o de R$ 25 milh\u00f5es em dois anos\">\r\n\t\t\t<img loading=\"lazy\" decoding=\"async\" width=\"420\" height=\"280\" src=\"https:\/\/i3.wp.com\/s2-valor.glbimg.com\/v1oiPiIhiMq5cxTm_rnl7DIz0nI=\/1200x\/smart\/filters:cover():strip_icc()\/i.s3.glbimg.com\/v1\/AUTH_63b422c2caee4269b8b34177e8876b93\/internal_photos\/bs\/2024\/E\/E\/6vWhROS7SqqWYwYbLstg\/forumidis-emconversacom-set2023-5-.jpg?w=420&amp;resize=420,280&amp;ssl=1\" class=\"featured-img wp-post-image\" alt=\"Idis cria fundo de patrimonial com meta de capta\u00e7\u00e3o de R$ 25 milh\u00f5es em dois anos\" title=\"Idis cria fundo de patrimonial com meta de capta\u00e7\u00e3o de R$ 25 milh\u00f5es em dois anos\" loading=\"lazy\" \/>\t\t<\/a>\r\n\t\t\t\t<\/div>\r\n\t<\/div>\r\n\t\t<h3 class=\"entry-title\">\t\t<a class=\"p-url\" href=\"https:\/\/balancotocantins.com.br\/?p=8889\" rel=\"bookmark\">Idis cria fundo de patrimonial com meta de capta\u00e7\u00e3o de R$ 25 milh\u00f5es em dois anos<\/a><\/h3><p class=\"entry-summary\">Arminio Fraga, Jos\u00e9 Luiz Egydio Set\u00fabal, Luis Stuh... Fonte: valor.globo.com<\/p>\r\n\t\t\t<div class=\"p-divider is-divider-solid\"><\/div>\t\t\t<div class=\"p-meta\">\r\n\t\t\t\t<div class=\"meta-inner is-meta\">\r\n\t\t\t\t\t<span class=\"meta-el meta-update\">\r\n\t\t\t\t<time class=\"updated\" datetime=\"2024-08-21T09:26:20-03:00\">21 de agosto de 2024<\/time>\r\n\t\t<\/span>\r\n\t\t\t\t\t\t<\/div>\r\n\t\t\t\t\t\t\t<\/div>\r\n\t\t<\/div>\t\t<\/div>\r\n\t\t\t<div class=\"p-wrap p-box p-grid-box-2 box-bg\" data-pid=\"11577\">\r\n\t<div class=\"grid-box\">\t\t\t<div class=\"feat-holder\">\t\t<div class=\"p-featured\">\r\n\t\t\t\t\t<a class=\"p-flink\" href=\"https:\/\/balancotocantins.com.br\/?p=11577\" title=\"Prefeitura de Palmas prop\u00f5e ser cidade-piloto em nova pol\u00edtica industrial do governo federal\">\r\n\t\t\t<img loading=\"lazy\" decoding=\"async\" width=\"420\" height=\"280\" src=\"https:\/\/balancotocantins.com.br\/wp-content\/uploads\/2025\/04\/13-420x280.jpeg\" class=\"featured-img wp-post-image\" alt=\"Prefeitura de Palmas prop\u00f5e ser cidade-piloto em nova pol\u00edtica industrial do governo federal\" title=\"Prefeitura de Palmas prop\u00f5e ser cidade-piloto em nova pol\u00edtica industrial do governo federal\" loading=\"lazy\" \/>\t\t<\/a>\r\n\t\t\t\t<\/div>\r\n\t<\/div>\r\n\t\t<h3 class=\"entry-title\">\t\t<a class=\"p-url\" href=\"https:\/\/balancotocantins.com.br\/?p=11577\" rel=\"bookmark\">Prefeitura de Palmas prop\u00f5e ser cidade-piloto em nova pol\u00edtica industrial do governo federal<\/a><\/h3><p class=\"entry-summary\">Prefeitura de Palmas apresenta proposta ao vice-presidente da Rep\u00fablica e busca se tornar cidade-piloto da Nova Ind\u00fastria Brasil. |Foto:\u00a0Reprodu\u00e7\u00e3o<\/p>\r\n\t\t\t<div class=\"p-divider is-divider-solid\"><\/div>\t\t\t<div class=\"p-meta\">\r\n\t\t\t\t<div class=\"meta-inner is-meta\">\r\n\t\t\t\t\t<span class=\"meta-el meta-update\">\r\n\t\t\t\t<time class=\"updated\" datetime=\"2025-04-24T10:12:27-03:00\">24 de abril de 2025<\/time>\r\n\t\t<\/span>\r\n\t\t\t\t\t\t<\/div>\r\n\t\t\t\t\t\t\t<\/div>\r\n\t\t<\/div>\t\t<\/div>\r\n\t\t\t<div class=\"p-wrap p-box p-grid-box-2 box-bg\" data-pid=\"8448\">\r\n\t<div class=\"grid-box\">\t\t\t<div class=\"feat-holder\">\t\t<div class=\"p-featured\">\r\n\t\t\t\t\t<a class=\"p-flink\" href=\"https:\/\/balancotocantins.com.br\/?p=8448\" title=\"Juros futuros operam em queda, em linha com d\u00f3lar\">\r\n\t\t\t<img loading=\"lazy\" decoding=\"async\" width=\"420\" height=\"280\" src=\"https:\/\/i0.wp.com\/s2-valor.glbimg.com\/VMHd-OF0ntjwC8l-T19tmzWKhNM=\/1200x\/smart\/filters:cover():strip_icc()\/i.s3.glbimg.com\/v1\/AUTH_63b422c2caee4269b8b34177e8876b93\/internal_photos\/bs\/2023\/t\/p\/DDKgxaQLyqHK2lgVSQHw\/sumudu-mohottige-nst4hde7bri-unsplash.jpg?w=420&amp;resize=420,280&amp;ssl=1\" class=\"featured-img wp-post-image\" alt=\"Juros futuros operam em queda, em linha com d\u00f3lar\" title=\"Juros futuros operam em queda, em linha com d\u00f3lar\" loading=\"lazy\" \/>\t\t<\/a>\r\n\t\t\t\t<\/div>\r\n\t<\/div>\r\n\t\t<h3 class=\"entry-title\">\t\t<a class=\"p-url\" href=\"https:\/\/balancotocantins.com.br\/?p=8448\" rel=\"bookmark\">Juros futuros operam em queda, em linha com d\u00f3lar<\/a><\/h3><p class=\"entry-summary\">Ambiente global nesta sexta-feira \u00e9 mais favor\u00e1vel... Fonte: valor.globo.com<\/p>\r\n\t\t\t<div class=\"p-divider is-divider-solid\"><\/div>\t\t\t<div class=\"p-meta\">\r\n\t\t\t\t<div class=\"meta-inner is-meta\">\r\n\t\t\t\t\t<span class=\"meta-el meta-update\">\r\n\t\t\t\t<time class=\"updated\" datetime=\"2024-07-26T09:29:35-03:00\">26 de julho de 2024<\/time>\r\n\t\t<\/span>\r\n\t\t\t\t\t\t<\/div>\r\n\t\t\t\t\t\t\t<\/div>\r\n\t\t<\/div>\t\t<\/div>\r\n\t<\/div><\/div>\t\t\t\t<\/div>\n\t\t\t\t<\/div>\n\t\t\t\t<div class=\"elementor-element elementor-element-343fe38 elementor-widget__width-auto elementor-absolute elementor-view-default elementor-widget elementor-widget-icon\" data-id=\"343fe38\" data-element_type=\"widget\" data-e-type=\"widget\" data-settings=\"{&quot;_position&quot;:&quot;absolute&quot;}\" data-widget_type=\"icon.default\">\n\t\t\t\t<div class=\"elementor-widget-container\">\n\t\t\t\t\t\t\t<div class=\"elementor-icon-wrapper\">\n\t\t\t<div class=\"elementor-icon\">\n\t\t\t\t\t\t<\/div>\n\t\t<\/div>\n\t\t\t\t\t\t<\/div>\n\t\t\t\t<\/div>\n\t\t\t\t\t<\/div>\n\t\t<\/div>\n\t\t\t\t\t<\/div>\n\t\t<\/section>\n\t\t\t\t<section class=\"elementor-section elementor-top-section elementor-element elementor-element-2eefbc7 elementor-section-boxed elementor-section-height-default elementor-section-height-default\" data-id=\"2eefbc7\" data-element_type=\"section\" data-e-type=\"section\">\n\t\t\t\t\t\t<div class=\"elementor-container elementor-column-gap-custom\">\n\t\t\t\t\t<div class=\"elementor-column elementor-col-100 elementor-top-column elementor-element elementor-element-0a8b654\" data-id=\"0a8b654\" data-element_type=\"column\" data-e-type=\"column\">\n\t\t\t<div class=\"elementor-widget-wrap elementor-element-populated\">\n\t\t\t\t\t\t<div class=\"elementor-element elementor-element-2b67981 elementor-widget elementor-widget-foxiz-heading\" data-id=\"2b67981\" data-element_type=\"widget\" data-e-type=\"widget\" data-widget_type=\"foxiz-heading.default\">\n\t\t\t\t<div class=\"elementor-widget-container\">\n\t\t\t\t\t<div id=\"uid_2b67981\" class=\"block-h heading-layout-5\"><div class=\"heading-inner\"><h2 class=\"heading-title\"><span>ESPORTES<\/span><\/h2><\/div><\/div>\t\t\t\t<\/div>\n\t\t\t\t<\/div>\n\t\t\t\t<div class=\"elementor-element elementor-element-1a765a7 elementor-widget elementor-widget-foxiz-grid-flex-2\" data-id=\"1a765a7\" data-element_type=\"widget\" data-e-type=\"widget\" data-widget_type=\"foxiz-grid-flex-2.default\">\n\t\t\t\t<div class=\"elementor-widget-container\">\n\t\t\t\t\t<div id=\"uid_1a765a7\" class=\"block-wrap block-grid block-grid-flex-2 first-featured is-hoz-scroll rb-columns rb-col-4 is-gap-custom light-scheme is-pagi-text ecat-text meta-s-\"><div class=\"block-inner\">\t\t<div class=\"p-wrap p-box p-grid-box-2 box-bg\" data-pid=\"15743\">\r\n\t<div class=\"grid-box\">\t\t\t<div class=\"feat-holder\">\t\t<div class=\"p-featured\">\r\n\t\t\t\t\t<a class=\"p-flink\" href=\"https:\/\/balancotocantins.com.br\/?p=15743\" title=\"Arrascaeta \u00e9 escolhido como craque do Pr\u00eamio Brasileir\u00e3o 2025\">\r\n\t\t\t<img loading=\"lazy\" decoding=\"async\" width=\"330\" height=\"220\" src=\"https:\/\/i1.wp.com\/imagens.ebc.com.br\/SpDO2Ij6JhagtsZSznCQypPXenM=\/1600x800\/https:\/\/agenciabrasil.ebc.com.br\/sites\/default\/files\/thumbnails\/image\/2025\/10\/19\/54865867928_4dba83cc28_o.jpg?itok=OlDArdQY&amp;w=330&amp;resize=330,220&amp;ssl=1\" class=\"featured-img wp-post-image\" alt=\"Arrascaeta \u00e9 escolhido como craque do Pr\u00eamio Brasileir\u00e3o 2025\" title=\"Arrascaeta \u00e9 escolhido como craque do Pr\u00eamio Brasileir\u00e3o 2025\" loading=\"lazy\" \/>\t\t<\/a>\r\n\t\t\t\t<\/div>\r\n\t<\/div>\r\n\t\t<h3 class=\"entry-title\">\t\t<a class=\"p-url\" href=\"https:\/\/balancotocantins.com.br\/?p=15743\" rel=\"bookmark\">Arrascaeta \u00e9 escolhido como craque do Pr\u00eamio Brasileir\u00e3o 2025<\/a><\/h3><div class=\"p-divider is-divider-solid\"><\/div>\t\t\t<div class=\"p-meta\">\r\n\t\t\t\t<div class=\"meta-inner is-meta\">\r\n\t\t\t\t\t<span class=\"meta-el meta-update\">\r\n\t\t\t\t<time class=\"updated\" datetime=\"2025-12-09T01:44:54-03:00\">9 de dezembro de 2025<\/time>\r\n\t\t<\/span>\r\n\t\t\t\t\t\t<\/div>\r\n\t\t\t\t\t\t\t<\/div>\r\n\t\t<\/div>\t\t<\/div>\r\n\t\t\t<div class=\"p-wrap p-box p-grid-box-2 box-bg\" data-pid=\"16268\">\r\n\t<div class=\"grid-box\">\t\t\t<div class=\"feat-holder\">\t\t<div class=\"p-featured\">\r\n\t\t\t\t\t<a class=\"p-flink\" href=\"https:\/\/balancotocantins.com.br\/?p=16268\" title=\"Dores lombares tiram Jo\u00e3o Fonseca de mais um torneio na Austr\u00e1lia\">\r\n\t\t\t<img loading=\"lazy\" decoding=\"async\" width=\"330\" height=\"220\" src=\"https:\/\/i2.wp.com\/imagens.ebc.com.br\/n_PZSXlqiljt0EFG-U3p0CKzSQM=\/1600x800\/https:\/\/agenciabrasil.ebc.com.br\/sites\/default\/files\/thumbnails\/image\/2026\/01\/10\/54777683867_2fe27046b6_o.jpg?itok=OcemZMlo&amp;w=330&amp;resize=330,220&amp;ssl=1\" class=\"featured-img wp-post-image\" alt=\"Dores lombares tiram Jo\u00e3o Fonseca de mais um torneio na Austr\u00e1lia\" title=\"Dores lombares tiram Jo\u00e3o Fonseca de mais um torneio na Austr\u00e1lia\" loading=\"lazy\" \/>\t\t<\/a>\r\n\t\t\t\t<\/div>\r\n\t<\/div>\r\n\t\t<h3 class=\"entry-title\">\t\t<a class=\"p-url\" href=\"https:\/\/balancotocantins.com.br\/?p=16268\" rel=\"bookmark\">Dores lombares tiram Jo\u00e3o Fonseca de mais um torneio na Austr\u00e1lia<\/a><\/h3><div class=\"p-divider is-divider-solid\"><\/div>\t\t\t<div class=\"p-meta\">\r\n\t\t\t\t<div class=\"meta-inner is-meta\">\r\n\t\t\t\t\t<span class=\"meta-el meta-update\">\r\n\t\t\t\t<time class=\"updated\" datetime=\"2026-01-11T10:14:06-03:00\">11 de janeiro de 2026<\/time>\r\n\t\t<\/span>\r\n\t\t\t\t\t\t<\/div>\r\n\t\t\t\t\t\t\t<\/div>\r\n\t\t<\/div>\t\t<\/div>\r\n\t\t\t<div class=\"p-wrap p-box p-grid-box-2 box-bg\" data-pid=\"14653\">\r\n\t<div class=\"grid-box\">\t\t\t<div class=\"feat-holder\">\t\t<div class=\"p-featured\">\r\n\t\t\t\t\t<a class=\"p-flink\" href=\"https:\/\/balancotocantins.com.br\/?p=14653\" title=\"T\u00eanis: sele\u00e7\u00e3o \u00e9 convocada para playoffs da Billie Jean King Cup\">\r\n\t\t\t<img loading=\"lazy\" decoding=\"async\" width=\"330\" height=\"220\" src=\"https:\/\/i1.wp.com\/imagens.ebc.com.br\/nmgV8PndkyY1nHlISLXPJD4epWs=\/1600x800\/https:\/\/agenciabrasil.ebc.com.br\/sites\/default\/files\/thumbnails\/image\/2025\/10\/17\/convocacao_playoff_billie_jean_king_cup_nov_2025.jpg?itok=-GaZPX6e&amp;w=330&amp;resize=330,220&amp;ssl=1\" class=\"featured-img wp-post-image\" alt=\"T\u00eanis: sele\u00e7\u00e3o \u00e9 convocada para playoffs da Billie Jean King Cup\" title=\"T\u00eanis: sele\u00e7\u00e3o \u00e9 convocada para playoffs da Billie Jean King Cup\" loading=\"lazy\" \/>\t\t<\/a>\r\n\t\t\t\t<\/div>\r\n\t<\/div>\r\n\t\t<h3 class=\"entry-title\">\t\t<a class=\"p-url\" href=\"https:\/\/balancotocantins.com.br\/?p=14653\" rel=\"bookmark\">T\u00eanis: sele\u00e7\u00e3o \u00e9 convocada para playoffs da Billie Jean King Cup<\/a><\/h3><div class=\"p-divider is-divider-solid\"><\/div>\t\t\t<div class=\"p-meta\">\r\n\t\t\t\t<div class=\"meta-inner is-meta\">\r\n\t\t\t\t\t<span class=\"meta-el meta-update\">\r\n\t\t\t\t<time class=\"updated\" datetime=\"2025-10-18T01:50:07-03:00\">18 de outubro de 2025<\/time>\r\n\t\t<\/span>\r\n\t\t\t\t\t\t<\/div>\r\n\t\t\t\t\t\t\t<\/div>\r\n\t\t<\/div>\t\t<\/div>\r\n\t\t\t<div class=\"p-wrap p-box p-grid-box-2 box-bg\" data-pid=\"14519\">\r\n\t<div class=\"grid-box\">\t\t\t<div class=\"feat-holder\">\t\t<div class=\"p-featured\">\r\n\t\t\t\t\t<a class=\"p-flink\" href=\"https:\/\/balancotocantins.com.br\/?p=14519\" title=\"Corinthians goleia Boca Juniors e vai \u00e0 semi da Libertadores Feminina\">\r\n\t\t\t<img loading=\"lazy\" decoding=\"async\" width=\"330\" height=\"220\" src=\"https:\/\/i1.wp.com\/imagens.ebc.com.br\/yEkbkohNJPvZ44z4iaRTcnKEZTU=\/1600x800\/https:\/\/agenciabrasil.ebc.com.br\/sites\/default\/files\/thumbnails\/image\/2025\/10\/11\/bia_zanotti_corinthians_libertadores_2025.jpg?itok=Z6wQnQSq&amp;w=330&amp;resize=330,220&amp;ssl=1\" class=\"featured-img wp-post-image\" alt=\"Corinthians goleia Boca Juniors e vai \u00e0 semi da Libertadores Feminina\" title=\"Corinthians goleia Boca Juniors e vai \u00e0 semi da Libertadores Feminina\" loading=\"lazy\" \/>\t\t<\/a>\r\n\t\t\t\t<\/div>\r\n\t<\/div>\r\n\t\t<h3 class=\"entry-title\">\t\t<a class=\"p-url\" href=\"https:\/\/balancotocantins.com.br\/?p=14519\" rel=\"bookmark\">Corinthians goleia Boca Juniors e vai \u00e0 semi da Libertadores Feminina<\/a><\/h3><div class=\"p-divider is-divider-solid\"><\/div>\t\t\t<div class=\"p-meta\">\r\n\t\t\t\t<div class=\"meta-inner is-meta\">\r\n\t\t\t\t\t<span class=\"meta-el meta-update\">\r\n\t\t\t\t<time class=\"updated\" datetime=\"2025-10-12T12:19:32-03:00\">12 de outubro de 2025<\/time>\r\n\t\t<\/span>\r\n\t\t\t\t\t\t<\/div>\r\n\t\t\t\t\t\t\t<\/div>\r\n\t\t<\/div>\t\t<\/div>\r\n\t<\/div><\/div>\t\t\t\t<\/div>\n\t\t\t\t<\/div>\n\t\t\t\t<div class=\"elementor-element elementor-element-68fc8cb elementor-widget__width-auto elementor-absolute elementor-view-default elementor-widget elementor-widget-icon\" data-id=\"68fc8cb\" data-element_type=\"widget\" data-e-type=\"widget\" data-settings=\"{&quot;_position&quot;:&quot;absolute&quot;}\" data-widget_type=\"icon.default\">\n\t\t\t\t<div class=\"elementor-widget-container\">\n\t\t\t\t\t\t\t<div class=\"elementor-icon-wrapper\">\n\t\t\t<div class=\"elementor-icon\">\n\t\t\t\t\t\t<\/div>\n\t\t<\/div>\n\t\t\t\t\t\t<\/div>\n\t\t\t\t<\/div>\n\t\t\t\t\t<\/div>\n\t\t<\/div>\n\t\t\t\t\t<\/div>\n\t\t<\/section>\n\t\t\t\t<\/div>\n\t\t","protected":false},"excerpt":{"rendered":"<p>edit Pol\u00edtica Prefeitura de Gurupi e senador Iraj\u00e1 ampliam parceria para obras de infraestrutura e bem-estar urbano Por Milkylenne Cardoso 14 de julho de 2025 edit Pol\u00edtica Projeto \u201cPrefeitura nos Bairros\u201d aproxima gest\u00e3o de Josi Nunes da popula\u00e7\u00e3o de Gurupi Por Milkylenne Cardoso 8 de julho de 2025 edit Sociedade Prefeitura de Gurupi entrega Pra\u00e7a [&hellip;]<\/p>\n","protected":false},"author":1,"featured_media":0,"parent":0,"menu_order":0,"comment_status":"closed","ping_status":"closed","template":"","meta":{"footnotes":""},"class_list":["post-4458","page","type-page","status-publish"],"_links":{"self":[{"href":"https:\/\/balancotocantins.com.br\/index.php?rest_route=\/wp\/v2\/pages\/4458","targetHints":{"allow":["GET"]}}],"collection":[{"href":"https:\/\/balancotocantins.com.br\/index.php?rest_route=\/wp\/v2\/pages"}],"about":[{"href":"https:\/\/balancotocantins.com.br\/index.php?rest_route=\/wp\/v2\/types\/page"}],"author":[{"embeddable":true,"href":"https:\/\/balancotocantins.com.br\/index.php?rest_route=\/wp\/v2\/users\/1"}],"replies":[{"embeddable":true,"href":"https:\/\/balancotocantins.com.br\/index.php?rest_route=%2Fwp%2Fv2%2Fcomments&post=4458"}],"version-history":[{"count":62,"href":"https:\/\/balancotocantins.com.br\/index.php?rest_route=\/wp\/v2\/pages\/4458\/revisions"}],"predecessor-version":[{"id":12615,"href":"https:\/\/balancotocantins.com.br\/index.php?rest_route=\/wp\/v2\/pages\/4458\/revisions\/12615"}],"wp:attachment":[{"href":"https:\/\/balancotocantins.com.br\/index.php?rest_route=%2Fwp%2Fv2%2Fmedia&parent=4458"}],"curies":[{"name":"wp","href":"https:\/\/api.w.org\/{rel}","templated":true}]}}